{"id":15,"date":"2023-06-07T11:53:22","date_gmt":"2023-06-07T09:53:22","guid":{"rendered":"https:\/\/das-chadim.at\/firmenfest\/?page_id=15"},"modified":"2026-04-17T11:07:47","modified_gmt":"2026-04-17T09:07:47","slug":"startseite-firmenevents","status":"publish","type":"page","link":"https:\/\/das-chadim.at\/firmenfest\/","title":{"rendered":"Startseite Firmenevents"},"content":{"rendered":"<div id='layer_slider_1'  class='avia-layerslider main_color avia-shadow  avia-builder-el-0  el_before_av_layerslider  avia-builder-el-first  container_wrap fullsize'  style='height: 801px;'  ><\/div>\n<div id='layer_slider_2'  class='avia-layerslider main_color avia-shadow  avia-builder-el-1  el_after_av_layerslider  el_before_av_section  slider-not-first container_wrap fullsize'  style='height: 1201px;'  ><\/div>\n\n<style type=\"text\/css\" data-created_by=\"avia_inline_auto\" id=\"style-css-av-3ylhz-8fe71b02cab2ddb6a743153e3b6fbff1\">\n.avia-section.av-3ylhz-8fe71b02cab2ddb6a743153e3b6fbff1{\nbackground-color:#2e2e2e;\nbackground-image:unset;\n}\n<\/style>\n<div id='av_section_1'  class='avia-section av-3ylhz-8fe71b02cab2ddb6a743153e3b6fbff1 main_color avia-section-large avia-no-border-styling  avia-builder-el-2  el_after_av_layerslider  el_before_av_section  intro-text avia-bg-style-scroll container_wrap fullsize'  ><div class='container av-section-cont-open' ><div class='template-page content  av-content-full alpha units'><div class='post-entry post-entry-type-page post-entry-15'><div class='entry-content-wrapper clearfix'>\n\n<style type=\"text\/css\" data-created_by=\"avia_inline_auto\" id=\"style-css-av-37vb3-6740d80a04a86cd7bd69a1d69d1e5e2d\">\n.flex_column.av-37vb3-6740d80a04a86cd7bd69a1d69d1e5e2d{\nwidth:56.8%;\n}\n<\/style>\n<div  class='flex_column av-37vb3-6740d80a04a86cd7bd69a1d69d1e5e2d av_three_fifth  avia-builder-el-3  el_before_av_three_fifth  avia-builder-el-first  first flex_column_div  '     ><style type=\"text\/css\" data-created_by=\"avia_inline_auto\" id=\"style-css-av-liwzj6fs-c3019bcabf6b94a4112d9e32911f5849\">\n#top .av_textblock_section.av-liwzj6fs-c3019bcabf6b94a4112d9e32911f5849 .avia_textblock{\ncolor:#ffffff;\n}\n<\/style>\n<section  class='av_textblock_section av-liwzj6fs-c3019bcabf6b94a4112d9e32911f5849 '  ><div class='avia_textblock av_inherit_color' ><h2 style=\"text-align: right;\">Weisst du noch?<\/h2>\n<\/div><\/section><\/div>\n<style type=\"text\/css\" data-created_by=\"avia_inline_auto\" id=\"style-css-av-lixo1dl7-a9aefb97ba47e602d825e6eadfb4acaf\">\n.flex_column.av-lixo1dl7-a9aefb97ba47e602d825e6eadfb4acaf{\nwidth:56.8%;\n}\n\n@media only screen and (min-width: 990px){ \n.flex_column.av-lixo1dl7-a9aefb97ba47e602d825e6eadfb4acaf{\npadding:0 0 0 100px;\n}\n}\n<\/style>\n<div  class='flex_column av-lixo1dl7-a9aefb97ba47e602d825e6eadfb4acaf av_three_fifth  avia-builder-el-5  el_after_av_three_fifth  el_before_av_two_fifth  first flex_column_div  '     ><style type=\"text\/css\" data-created_by=\"avia_inline_auto\" id=\"style-css-av-3z3bn-025859b46ff2ff692d05a1826627625a\">\n#top .av_textblock_section.av-3z3bn-025859b46ff2ff692d05a1826627625a .avia_textblock{\ncolor:#ffffff;\n}\n<\/style>\n<section  class='av_textblock_section av-3z3bn-025859b46ff2ff692d05a1826627625a '  ><div class='avia_textblock av_inherit_color' ><h3 style=\"text-align: right;\">Firmenfeiern die Erinnerung bleiben<\/h3>\n<p style=\"text-align: right;\">Willkommen am sch\u00f6nsten Platz Wiens um Firmenfeste zu feiern. Umgeben von Natur an einem kleinen See gelegen und nur 20 Minuten vom Stadtzentrum entfernt. Wir haben genug Platz f\u00fcr all deine Ideen &#8211; ob Sommerfest, Weihnachtsfeier oder Team-Building-Event. Wie w\u00e4re es mit\u00a0kulinarische K\u00f6stlichkeiten im Gastgarten oder Stockbrot am Lagerfeuer? Und als kr\u00f6nender Abschluss eine Weinverkostung im historischen Gew\u00f6lbe?\u00a0Das und noch viel mehr wunderbare Dinge gibt es nur im CHADIM.<\/p>\n<\/div><\/section><\/div>\n<style type=\"text\/css\" data-created_by=\"avia_inline_auto\" id=\"style-css-av-39duz-7be118898b941a86acb43421f1b24441\">\n.flex_column.av-39duz-7be118898b941a86acb43421f1b24441{\nwidth:35.2%;\nmargin-left:8%;\n}\n<\/style>\n<div  class='flex_column av-39duz-7be118898b941a86acb43421f1b24441 av_two_fifth  avia-builder-el-7  el_after_av_three_fifth  avia-builder-el-last  flex_column_div  '     ><style type=\"text\/css\" data-created_by=\"avia_inline_auto\" id=\"style-css-av-2tw2f-c041c7984fe6e8d9c963218cb75f7126\">\n#top .av_textblock_section.av-2tw2f-c041c7984fe6e8d9c963218cb75f7126 .avia_textblock{\ncolor:#ffffff;\n}\n<\/style>\n<section  class='av_textblock_section av-2tw2f-c041c7984fe6e8d9c963218cb75f7126 '  ><div class='avia_textblock av_inherit_color' ><h4>\u2013 Kapazit\u00e4ten f\u00fcr jede Firmengr\u00f6\u00dfe<br \/>\n\u2013 Lage Naturoase Wienerbergsee<br \/>\n\u2013 Highend Musik &amp; Lichtanlage<br \/>\n\u2013 Eigene Gourmetk\u00fcche<br \/>\n\u2013 Indoor &amp; Outdoor<br \/>\n\u2013 Historisches Gew\u00f6lbe<br \/>\n\u2013 Festzelt<br \/>\n\u2013 Heurigengarten<\/h4>\n<\/div><\/section><\/div>\n\n<\/div><\/div><\/div><!-- close content main div --><\/div><\/div>\n<style type=\"text\/css\" data-created_by=\"avia_inline_auto\" id=\"style-css-av-21n63-467165031c09a89717018c6006c75da5\">\n.avia-section.av-21n63-467165031c09a89717018c6006c75da5{\nbackground-color:#f4f4f4;\nbackground-image:unset;\n}\n<\/style>\n<div id='av_section_2'  class='avia-section av-21n63-467165031c09a89717018c6006c75da5 main_color avia-section-default avia-no-border-styling  avia-builder-el-9  el_after_av_section  el_before_av_section  intro-images avia-bg-style-scroll container_wrap fullsize'  ><div class='container av-section-cont-open' ><div class='template-page content  av-content-full alpha units'><div class='post-entry post-entry-type-page post-entry-15'><div class='entry-content-wrapper clearfix'>\n<div  class='flex_column av-1qiuz-f46178b89fe372842ae02df7e064b509 av_two_fifth  avia-builder-el-10  el_before_av_three_fifth  avia-builder-el-first  first no_margin flex_column_div  '     ><style type=\"text\/css\" data-created_by=\"avia_inline_auto\" id=\"style-css-av-liwztj4h-2d11fcdb24571cbf9da20a74a5a632f1\">\n.avia-image-container.av-liwztj4h-2d11fcdb24571cbf9da20a74a5a632f1 img.avia_image{\nbox-shadow:none;\n}\n.avia-image-container.av-liwztj4h-2d11fcdb24571cbf9da20a74a5a632f1 .av-image-caption-overlay-center{\ncolor:#ffffff;\n}\n<\/style>\n<div  class='avia-image-container av-liwztj4h-2d11fcdb24571cbf9da20a74a5a632f1 av-styling- avia-align-center  avia-builder-el-11  avia-builder-el-no-sibling '  ><div class=\"avia-image-container-inner\"><div class=\"avia-image-overlay-wrap\"><img decoding=\"async\" loading=\"lazy\" class='wp-image-425 avia-img-lazy-loading-425 avia_image ' src=\"https:\/\/das-chadim.at\/firmenfest\/wp-content\/uploads\/sites\/5\/2024\/01\/bild_barbeque_links.png\" alt='' title='bild_barbeque_links'  height=\"752\" width=\"1030\" srcset=\"https:\/\/das-chadim.at\/firmenfest\/wp-content\/uploads\/sites\/5\/2024\/01\/bild_barbeque_links.png 1030w, https:\/\/das-chadim.at\/firmenfest\/wp-content\/uploads\/sites\/5\/2024\/01\/bild_barbeque_links-300x219.png 300w, https:\/\/das-chadim.at\/firmenfest\/wp-content\/uploads\/sites\/5\/2024\/01\/bild_barbeque_links-768x561.png 768w, https:\/\/das-chadim.at\/firmenfest\/wp-content\/uploads\/sites\/5\/2024\/01\/bild_barbeque_links-705x515.png 705w\" sizes=\"auto, (max-width: 1030px) 100vw, 1030px\" \/><\/div><\/div><\/div><\/div><div  class='flex_column av-473b-ac238c8e830bcafe5878ccd8d1aa0dc7 av_three_fifth  avia-builder-el-12  el_after_av_two_fifth  avia-builder-el-last  no_margin flex_column_div  '     ><p>\n<style type=\"text\/css\" data-created_by=\"avia_inline_auto\" id=\"style-css-av-liwzuk5g-dcd7074b25c2e3aa871e43ded247a8de\">\n.avia-image-container.av-liwzuk5g-dcd7074b25c2e3aa871e43ded247a8de img.avia_image{\nbox-shadow:none;\n}\n.avia-image-container.av-liwzuk5g-dcd7074b25c2e3aa871e43ded247a8de .av-image-caption-overlay-center{\ncolor:#ffffff;\n}\n<\/style>\n<div  class='avia-image-container av-liwzuk5g-dcd7074b25c2e3aa871e43ded247a8de av-styling- avia-align-center  avia-builder-el-13  el_before_av_image  avia-builder-el-first '  ><div class=\"avia-image-container-inner\"><div class=\"avia-image-overlay-wrap\"><img decoding=\"async\" loading=\"lazy\" class='wp-image-341 avia-img-lazy-loading-341 avia_image ' src=\"https:\/\/das-chadim.at\/firmenfest\/wp-content\/uploads\/sites\/5\/2023\/07\/firmenerinnerungen.png\" alt='' title='firmenerinnerungen'  height=\"1448\" width=\"1920\" srcset=\"https:\/\/das-chadim.at\/firmenfest\/wp-content\/uploads\/sites\/5\/2023\/07\/firmenerinnerungen.png 1920w, https:\/\/das-chadim.at\/firmenfest\/wp-content\/uploads\/sites\/5\/2023\/07\/firmenerinnerungen-300x226.png 300w, https:\/\/das-chadim.at\/firmenfest\/wp-content\/uploads\/sites\/5\/2023\/07\/firmenerinnerungen-1030x777.png 1030w, https:\/\/das-chadim.at\/firmenfest\/wp-content\/uploads\/sites\/5\/2023\/07\/firmenerinnerungen-768x579.png 768w, https:\/\/das-chadim.at\/firmenfest\/wp-content\/uploads\/sites\/5\/2023\/07\/firmenerinnerungen-1536x1159.png 1536w, https:\/\/das-chadim.at\/firmenfest\/wp-content\/uploads\/sites\/5\/2023\/07\/firmenerinnerungen-1500x1131.png 1500w, https:\/\/das-chadim.at\/firmenfest\/wp-content\/uploads\/sites\/5\/2023\/07\/firmenerinnerungen-705x532.png 705w\" sizes=\"auto, (max-width: 1920px) 100vw, 1920px\" \/><\/div><\/div><\/div><br \/>\n\n<style type=\"text\/css\" data-created_by=\"avia_inline_auto\" id=\"style-css-av-liwzwj78-a259ca1f882b8df288804a66dda71b4a\">\n.avia-image-container.av-liwzwj78-a259ca1f882b8df288804a66dda71b4a img.avia_image{\nbox-shadow:none;\n}\n.avia-image-container.av-liwzwj78-a259ca1f882b8df288804a66dda71b4a .av-image-caption-overlay-center{\ncolor:#ffffff;\n}\n<\/style>\n<div  id=\"image-caption-2\"  class='avia-image-container av-liwzwj78-a259ca1f882b8df288804a66dda71b4a av-styling- avia-align-center  avia-builder-el-14  el_after_av_image  avia-builder-el-last '  ><div class=\"avia-image-container-inner\"><div class=\"avia-image-overlay-wrap\"><img decoding=\"async\" loading=\"lazy\" class='wp-image-429 avia-img-lazy-loading-429 avia_image ' src=\"https:\/\/das-chadim.at\/firmenfest\/wp-content\/uploads\/sites\/5\/2024\/01\/bildtext_rechts.png\" alt='' title='bildtext_rechts'  height=\"511\" width=\"983\" srcset=\"https:\/\/das-chadim.at\/firmenfest\/wp-content\/uploads\/sites\/5\/2024\/01\/bildtext_rechts.png 983w, https:\/\/das-chadim.at\/firmenfest\/wp-content\/uploads\/sites\/5\/2024\/01\/bildtext_rechts-300x156.png 300w, https:\/\/das-chadim.at\/firmenfest\/wp-content\/uploads\/sites\/5\/2024\/01\/bildtext_rechts-768x399.png 768w, https:\/\/das-chadim.at\/firmenfest\/wp-content\/uploads\/sites\/5\/2024\/01\/bildtext_rechts-705x366.png 705w\" sizes=\"auto, (max-width: 983px) 100vw, 983px\" \/><\/div><\/div><\/div><\/p><\/div>\n\n<\/div><\/div><\/div><!-- close content main div --><\/div><\/div><div id='av_section_3'  class='avia-section av-1wgfv-e20c6bd9bd2f3b42eb48370eb4baea0a main_color avia-section-large avia-no-border-styling  avia-builder-el-15  el_after_av_section  el_before_av_section  gallery-horizontal avia-bg-style-scroll container_wrap fullsize'  ><div class='container av-section-cont-open' ><div class='template-page content  av-content-full alpha units'><div class='post-entry post-entry-type-page post-entry-15'><div class='entry-content-wrapper clearfix'>\n<div  class='flex_column av-1v98b-9b5c21904d97829fc0e9843577de4cc9 av_one_full  avia-builder-el-16  el_before_av_one_full  avia-builder-el-first  first flex_column_div  '     ><section  class='av_textblock_section av-lj165qon-dc776c31522606d1fff5708ba2e6dd28 '  ><div class='avia_textblock' ><h2 style=\"text-align: center;\">Firmenfeiern am Wienerbergsee<\/h2>\n<h3 style=\"text-align: center;\">Die perfekte Location<\/h3>\n<\/div><\/section><\/div><div  class='flex_column av-1c1er-7e2cdc2eaf9c782a04f1b7c760cf3e2a av_one_full  avia-builder-el-18  el_after_av_one_full  avia-builder-el-last  first flex_column_div  column-top-margin'     ><style type=\"text\/css\" data-created_by=\"avia_inline_auto\" id=\"style-css-av-lj158ckc-f226867445c3454ee230a5beead1793a\">\n.av-slideshow-ui.av-lj158ckc-f226867445c3454ee230a5beead1793a .avia-slideshow-dots a:not(.active){\nbackground-color:#2e2e2e;\n}\n.av-slideshow-ui.av-lj158ckc-f226867445c3454ee230a5beead1793a .avia-slideshow-dots a.active{\nbackground-color:#f6bd35;\n}\n.av-horizontal-gallery.av-lj158ckc-f226867445c3454ee230a5beead1793a{\npadding:3.75% 0px;;\n}\n.av-horizontal-gallery.av-lj158ckc-f226867445c3454ee230a5beead1793a .av-horizontal-gallery-inner{\npadding-bottom:25%;\n}\n.av-horizontal-gallery.av-lj158ckc-f226867445c3454ee230a5beead1793a .av-horizontal-gallery-slider{\ntransition-duration:0.5s;\n}\n<\/style>\n<div  class='av-horizontal-gallery av-lj158ckc-f226867445c3454ee230a5beead1793a av-horizontal-gallery-large-gap av-horizontal-gallery-enlarge-effect  avia-builder-el-19  avia-builder-el-no-sibling  av-slideshow-ui av-control-default av-nav-dots-visible av-hide-nav-arrows av-slideshow-autoplay av-loop-endless av-loop-manual-endless av-horizontal-gallery-1' data-slideshow-data=\"{&quot;enlarge&quot;:1.3,&quot;animation&quot;:&quot;slide&quot;,&quot;autoplay&quot;:true,&quot;loop_autoplay&quot;:&quot;endless&quot;,&quot;interval&quot;:4,&quot;loop_manual&quot;:&quot;manual-endless&quot;,&quot;autoplay_stopper&quot;:false,&quot;noNavigation&quot;:false,&quot;bg_slider&quot;:false,&quot;transitionSpeed&quot;:500,&quot;keep_padding&quot;:&quot;&quot;,&quot;hoverpause&quot;:false,&quot;show_slide_delay&quot;:0,&quot;initial&quot;:&quot;2&quot;}\" ><div class='avia-slideshow-arrows avia-slideshow-controls' ><a href='#prev' class='prev-slide av-horizontal-gallery-prev avia-svg-icon avia-font-svg_entypo-fontello' data-av_svg_icon='left-open-big' data-av_iconset='svg_entypo-fontello' tabindex='-1' title=\"Zur\u00fcck\"><svg version=\"1.1\" xmlns=\"http:\/\/www.w3.org\/2000\/svg\" width=\"15\" height=\"32\" viewBox=\"0 0 15 32\" preserveAspectRatio=\"xMidYMid meet\" aria-labelledby='av-svg-title-1' aria-describedby='av-svg-desc-1' role=\"graphics-symbol\" aria-hidden=\"true\">\n<title id='av-svg-title-1'>Zur\u00fcck<\/title>\n<desc id='av-svg-desc-1'>Zur\u00fcck<\/desc>\n<path d=\"M14.464 27.84q0.832 0.832 0 1.536-0.832 0.832-1.536 0l-12.544-12.608q-0.768-0.768 0-1.6l12.544-12.608q0.704-0.832 1.536 0 0.832 0.704 0 1.536l-11.456 11.904z\"><\/path>\n<\/svg><span class='avia_hidden_link_text'>Zur\u00fcck<\/span><\/a><a href='#next' class='next-slide av-horizontal-gallery-next avia-svg-icon avia-font-svg_entypo-fontello' data-av_svg_icon='right-open-big' data-av_iconset='svg_entypo-fontello' tabindex='-1' title=\"Weiter\"><svg version=\"1.1\" xmlns=\"http:\/\/www.w3.org\/2000\/svg\" width=\"15\" height=\"32\" viewBox=\"0 0 15 32\" preserveAspectRatio=\"xMidYMid meet\" aria-labelledby='av-svg-title-2' aria-describedby='av-svg-desc-2' role=\"graphics-symbol\" aria-hidden=\"true\">\n<title id='av-svg-title-2'>Weiter<\/title>\n<desc id='av-svg-desc-2'>Weiter<\/desc>\n<path d=\"M0.416 27.84l11.456-11.84-11.456-11.904q-0.832-0.832 0-1.536 0.832-0.832 1.536 0l12.544 12.608q0.768 0.832 0 1.6l-12.544 12.608q-0.704 0.832-1.536 0-0.832-0.704 0-1.536z\"><\/path>\n<\/svg><span class='avia_hidden_link_text'>Weiter<\/span><\/a><\/div><div class='avia-slideshow-dots avia-slideshow-controls av-horizontal-gallery-dots fade-in'><a href='#1' class='goto-slide active' >1<\/a><a href='#2' class='goto-slide ' >2<\/a><a href='#3' class='goto-slide ' >3<\/a><a href='#4' class='goto-slide ' >4<\/a><a href='#5' class='goto-slide ' >5<\/a><a href='#6' class='goto-slide ' >6<\/a><a href='#7' class='goto-slide ' >7<\/a><a href='#8' class='goto-slide ' >8<\/a><\/div><div class='av-horizontal-gallery-inner' data-av-height='25'><div class=\"av-horizontal-gallery-slider\"><div class=\"av-horizontal-gallery-wrap noHover\"><img decoding=\"async\" loading=\"lazy\" class='wp-image-454 avia-img-lazy-loading-454 av-horizontal-gallery-img' width=\"1030\" height=\"687\" src=\"https:\/\/das-chadim.at\/firmenfest\/wp-content\/uploads\/sites\/5\/2024\/08\/Adrian-Almasan-0034_kleiner-1030x687.jpg\" title='\u00a9 Adrian Almasan | www.adrianalmasan.com' alt='' srcset=\"https:\/\/das-chadim.at\/firmenfest\/wp-content\/uploads\/sites\/5\/2024\/08\/Adrian-Almasan-0034_kleiner-1030x687.jpg 1030w, https:\/\/das-chadim.at\/firmenfest\/wp-content\/uploads\/sites\/5\/2024\/08\/Adrian-Almasan-0034_kleiner-300x200.jpg 300w, https:\/\/das-chadim.at\/firmenfest\/wp-content\/uploads\/sites\/5\/2024\/08\/Adrian-Almasan-0034_kleiner-768x512.jpg 768w, https:\/\/das-chadim.at\/firmenfest\/wp-content\/uploads\/sites\/5\/2024\/08\/Adrian-Almasan-0034_kleiner-1536x1024.jpg 1536w, https:\/\/das-chadim.at\/firmenfest\/wp-content\/uploads\/sites\/5\/2024\/08\/Adrian-Almasan-0034_kleiner-600x400.jpg 600w, https:\/\/das-chadim.at\/firmenfest\/wp-content\/uploads\/sites\/5\/2024\/08\/Adrian-Almasan-0034_kleiner-1500x1000.jpg 1500w, https:\/\/das-chadim.at\/firmenfest\/wp-content\/uploads\/sites\/5\/2024\/08\/Adrian-Almasan-0034_kleiner-705x470.jpg 705w, https:\/\/das-chadim.at\/firmenfest\/wp-content\/uploads\/sites\/5\/2024\/08\/Adrian-Almasan-0034_kleiner.jpg 1860w\" sizes=\"auto, (max-width: 1030px) 100vw, 1030px\" \/><\/div><div class=\"av-horizontal-gallery-wrap noHover\"><img decoding=\"async\" loading=\"lazy\" class='wp-image-452 avia-img-lazy-loading-452 av-horizontal-gallery-img' width=\"1030\" height=\"687\" src=\"https:\/\/das-chadim.at\/firmenfest\/wp-content\/uploads\/sites\/5\/2024\/08\/Adrian-Almasan-0029-1030x687.jpg\" title='\u00a9 Adrian Almasan | www.adrianalmasan.com' alt='' srcset=\"https:\/\/das-chadim.at\/firmenfest\/wp-content\/uploads\/sites\/5\/2024\/08\/Adrian-Almasan-0029-1030x687.jpg 1030w, https:\/\/das-chadim.at\/firmenfest\/wp-content\/uploads\/sites\/5\/2024\/08\/Adrian-Almasan-0029-300x200.jpg 300w, https:\/\/das-chadim.at\/firmenfest\/wp-content\/uploads\/sites\/5\/2024\/08\/Adrian-Almasan-0029-768x512.jpg 768w, https:\/\/das-chadim.at\/firmenfest\/wp-content\/uploads\/sites\/5\/2024\/08\/Adrian-Almasan-0029-600x400.jpg 600w, https:\/\/das-chadim.at\/firmenfest\/wp-content\/uploads\/sites\/5\/2024\/08\/Adrian-Almasan-0029-705x470.jpg 705w, https:\/\/das-chadim.at\/firmenfest\/wp-content\/uploads\/sites\/5\/2024\/08\/Adrian-Almasan-0029.jpg 1400w\" sizes=\"auto, (max-width: 1030px) 100vw, 1030px\" \/><\/div><div class=\"av-horizontal-gallery-wrap noHover\"><img decoding=\"async\" loading=\"lazy\" class='wp-image-365 avia-img-lazy-loading-365 av-horizontal-gallery-img' width=\"1030\" height=\"855\" src=\"https:\/\/das-chadim.at\/firmenfest\/wp-content\/uploads\/sites\/5\/2023\/07\/galerie_gaststube-1030x855.jpg\" title='galerie_gaststube' alt='' srcset=\"https:\/\/das-chadim.at\/firmenfest\/wp-content\/uploads\/sites\/5\/2023\/07\/galerie_gaststube-1030x855.jpg 1030w, https:\/\/das-chadim.at\/firmenfest\/wp-content\/uploads\/sites\/5\/2023\/07\/galerie_gaststube-300x249.jpg 300w, https:\/\/das-chadim.at\/firmenfest\/wp-content\/uploads\/sites\/5\/2023\/07\/galerie_gaststube-768x637.jpg 768w, https:\/\/das-chadim.at\/firmenfest\/wp-content\/uploads\/sites\/5\/2023\/07\/galerie_gaststube-1536x1275.jpg 1536w, https:\/\/das-chadim.at\/firmenfest\/wp-content\/uploads\/sites\/5\/2023\/07\/galerie_gaststube.jpg 1920w, https:\/\/das-chadim.at\/firmenfest\/wp-content\/uploads\/sites\/5\/2023\/07\/galerie_gaststube-1500x1245.jpg 1500w, https:\/\/das-chadim.at\/firmenfest\/wp-content\/uploads\/sites\/5\/2023\/07\/galerie_gaststube-705x585.jpg 705w\" sizes=\"auto, (max-width: 1030px) 100vw, 1030px\" \/><\/div><div class=\"av-horizontal-gallery-wrap noHover\"><img decoding=\"async\" loading=\"lazy\" class='wp-image-450 avia-img-lazy-loading-450 av-horizontal-gallery-img' width=\"1030\" height=\"687\" src=\"https:\/\/das-chadim.at\/firmenfest\/wp-content\/uploads\/sites\/5\/2024\/08\/Adrian-Almasan-0004-1030x687.jpg\" title='\u00a9 Adrian Almasan | www.adrianalmasan.com' alt='' srcset=\"https:\/\/das-chadim.at\/firmenfest\/wp-content\/uploads\/sites\/5\/2024\/08\/Adrian-Almasan-0004-1030x687.jpg 1030w, https:\/\/das-chadim.at\/firmenfest\/wp-content\/uploads\/sites\/5\/2024\/08\/Adrian-Almasan-0004-300x200.jpg 300w, https:\/\/das-chadim.at\/firmenfest\/wp-content\/uploads\/sites\/5\/2024\/08\/Adrian-Almasan-0004-768x512.jpg 768w, https:\/\/das-chadim.at\/firmenfest\/wp-content\/uploads\/sites\/5\/2024\/08\/Adrian-Almasan-0004-600x400.jpg 600w, https:\/\/das-chadim.at\/firmenfest\/wp-content\/uploads\/sites\/5\/2024\/08\/Adrian-Almasan-0004-705x470.jpg 705w, https:\/\/das-chadim.at\/firmenfest\/wp-content\/uploads\/sites\/5\/2024\/08\/Adrian-Almasan-0004.jpg 1400w\" sizes=\"auto, (max-width: 1030px) 100vw, 1030px\" \/><\/div><div class=\"av-horizontal-gallery-wrap noHover\"><img decoding=\"async\" loading=\"lazy\" class='wp-image-462 avia-img-lazy-loading-462 av-horizontal-gallery-img' width=\"1030\" height=\"687\" src=\"https:\/\/das-chadim.at\/firmenfest\/wp-content\/uploads\/sites\/5\/2024\/08\/20220908_9032-1030x687.jpg\" title='20220908_9032' alt='' srcset=\"https:\/\/das-chadim.at\/firmenfest\/wp-content\/uploads\/sites\/5\/2024\/08\/20220908_9032-1030x687.jpg 1030w, https:\/\/das-chadim.at\/firmenfest\/wp-content\/uploads\/sites\/5\/2024\/08\/20220908_9032-300x200.jpg 300w, https:\/\/das-chadim.at\/firmenfest\/wp-content\/uploads\/sites\/5\/2024\/08\/20220908_9032-768x512.jpg 768w, https:\/\/das-chadim.at\/firmenfest\/wp-content\/uploads\/sites\/5\/2024\/08\/20220908_9032-1536x1024.jpg 1536w, https:\/\/das-chadim.at\/firmenfest\/wp-content\/uploads\/sites\/5\/2024\/08\/20220908_9032-600x400.jpg 600w, https:\/\/das-chadim.at\/firmenfest\/wp-content\/uploads\/sites\/5\/2024\/08\/20220908_9032-1500x1000.jpg 1500w, https:\/\/das-chadim.at\/firmenfest\/wp-content\/uploads\/sites\/5\/2024\/08\/20220908_9032-705x470.jpg 705w, https:\/\/das-chadim.at\/firmenfest\/wp-content\/uploads\/sites\/5\/2024\/08\/20220908_9032.jpg 1920w\" sizes=\"auto, (max-width: 1030px) 100vw, 1030px\" \/><\/div><div class=\"av-horizontal-gallery-wrap noHover\"><img decoding=\"async\" loading=\"lazy\" class='wp-image-456 avia-img-lazy-loading-456 av-horizontal-gallery-img' width=\"1030\" height=\"773\" src=\"https:\/\/das-chadim.at\/firmenfest\/wp-content\/uploads\/sites\/5\/2024\/08\/Adrian-Almasan-1055-1030x773.jpg\" title='\u00a9 Adrian Almasan | www.adrianalmasan.com' alt='' srcset=\"https:\/\/das-chadim.at\/firmenfest\/wp-content\/uploads\/sites\/5\/2024\/08\/Adrian-Almasan-1055-1030x773.jpg 1030w, https:\/\/das-chadim.at\/firmenfest\/wp-content\/uploads\/sites\/5\/2024\/08\/Adrian-Almasan-1055-300x225.jpg 300w, https:\/\/das-chadim.at\/firmenfest\/wp-content\/uploads\/sites\/5\/2024\/08\/Adrian-Almasan-1055-768x576.jpg 768w, https:\/\/das-chadim.at\/firmenfest\/wp-content\/uploads\/sites\/5\/2024\/08\/Adrian-Almasan-1055-705x529.jpg 705w, https:\/\/das-chadim.at\/firmenfest\/wp-content\/uploads\/sites\/5\/2024\/08\/Adrian-Almasan-1055.jpg 1400w\" sizes=\"auto, (max-width: 1030px) 100vw, 1030px\" \/><\/div><div class=\"av-horizontal-gallery-wrap noHover\"><img decoding=\"async\" loading=\"lazy\" class='wp-image-364 avia-img-lazy-loading-364 av-horizontal-gallery-img' width=\"1030\" height=\"855\" src=\"https:\/\/das-chadim.at\/firmenfest\/wp-content\/uploads\/sites\/5\/2023\/07\/galerie_amsee-1030x855.jpg\" title='galerie_amsee' alt='' srcset=\"https:\/\/das-chadim.at\/firmenfest\/wp-content\/uploads\/sites\/5\/2023\/07\/galerie_amsee-1030x855.jpg 1030w, https:\/\/das-chadim.at\/firmenfest\/wp-content\/uploads\/sites\/5\/2023\/07\/galerie_amsee-300x249.jpg 300w, https:\/\/das-chadim.at\/firmenfest\/wp-content\/uploads\/sites\/5\/2023\/07\/galerie_amsee-768x637.jpg 768w, https:\/\/das-chadim.at\/firmenfest\/wp-content\/uploads\/sites\/5\/2023\/07\/galerie_amsee-1536x1275.jpg 1536w, https:\/\/das-chadim.at\/firmenfest\/wp-content\/uploads\/sites\/5\/2023\/07\/galerie_amsee.jpg 1920w, https:\/\/das-chadim.at\/firmenfest\/wp-content\/uploads\/sites\/5\/2023\/07\/galerie_amsee-1500x1245.jpg 1500w, https:\/\/das-chadim.at\/firmenfest\/wp-content\/uploads\/sites\/5\/2023\/07\/galerie_amsee-705x585.jpg 705w\" sizes=\"auto, (max-width: 1030px) 100vw, 1030px\" \/><\/div><div class=\"av-horizontal-gallery-wrap noHover\"><img decoding=\"async\" loading=\"lazy\" class='wp-image-455 avia-img-lazy-loading-455 av-horizontal-gallery-img' width=\"1030\" height=\"687\" src=\"https:\/\/das-chadim.at\/firmenfest\/wp-content\/uploads\/sites\/5\/2024\/08\/Adrian-Almasan-0028_kleiner-1030x687.jpg\" title='\u00a9 Adrian Almasan | www.adrianalmasan.com' alt='' srcset=\"https:\/\/das-chadim.at\/firmenfest\/wp-content\/uploads\/sites\/5\/2024\/08\/Adrian-Almasan-0028_kleiner-1030x687.jpg 1030w, https:\/\/das-chadim.at\/firmenfest\/wp-content\/uploads\/sites\/5\/2024\/08\/Adrian-Almasan-0028_kleiner-300x200.jpg 300w, https:\/\/das-chadim.at\/firmenfest\/wp-content\/uploads\/sites\/5\/2024\/08\/Adrian-Almasan-0028_kleiner-768x512.jpg 768w, https:\/\/das-chadim.at\/firmenfest\/wp-content\/uploads\/sites\/5\/2024\/08\/Adrian-Almasan-0028_kleiner-1536x1024.jpg 1536w, https:\/\/das-chadim.at\/firmenfest\/wp-content\/uploads\/sites\/5\/2024\/08\/Adrian-Almasan-0028_kleiner-600x400.jpg 600w, https:\/\/das-chadim.at\/firmenfest\/wp-content\/uploads\/sites\/5\/2024\/08\/Adrian-Almasan-0028_kleiner-1500x1000.jpg 1500w, https:\/\/das-chadim.at\/firmenfest\/wp-content\/uploads\/sites\/5\/2024\/08\/Adrian-Almasan-0028_kleiner-705x470.jpg 705w, https:\/\/das-chadim.at\/firmenfest\/wp-content\/uploads\/sites\/5\/2024\/08\/Adrian-Almasan-0028_kleiner.jpg 1920w\" sizes=\"auto, (max-width: 1030px) 100vw, 1030px\" \/><\/div><\/div><\/div><\/div><\/div>\n\n<\/div><\/div><\/div><!-- close content main div --><\/div><\/div>\n<style type=\"text\/css\" data-created_by=\"avia_inline_auto\" id=\"style-css-av-uegf-afd1ebf8ddb286cf5c4b1395b57badff\">\n.avia-section.av-uegf-afd1ebf8ddb286cf5c4b1395b57badff{\nmargin-top:0px;\nmargin-bottom:50px;\n}\n\n@media only screen and (min-width: 480px) and (max-width: 767px){ \n.avia-section.av-uegf-afd1ebf8ddb286cf5c4b1395b57badff{\nmargin-top:0px;\nmargin-bottom:25px;\n}\n}\n<\/style>\n<div id='av_section_4'  class='avia-section av-uegf-afd1ebf8ddb286cf5c4b1395b57badff main_color avia-section-no-padding avia-no-border-styling  avia-builder-el-20  el_after_av_section  el_before_av_section  avia-bg-style-parallax container_wrap fullsize'  ><div class='container av-section-cont-open' ><div class='template-page content  av-content-full alpha units'><div class='post-entry post-entry-type-page post-entry-15'><div class='entry-content-wrapper clearfix'>\n\n<style type=\"text\/css\" data-created_by=\"avia_inline_auto\" id=\"style-css-av-mfwgd3k9-9873ddb4017b5e4e896208afca29d162\">\n.avia-video.av-mfwgd3k9-9873ddb4017b5e4e896208afca29d162{\nbackground-image:url(https:\/\/das-chadim.at\/firmenfest\/wp-content\/uploads\/sites\/5\/2025\/09\/wien-heute-echt-gut-im-gruenen-das-chadim.jpg);\n}\n<\/style>\n<div  class='avia-video av-mfwgd3k9-9873ddb4017b5e4e896208afca29d162 avia-video-16-9 av-html5-fullscreen-btn av-preview-image avia-video-confirm_all avia-video-html5'  data-original_url='https:\/\/das-chadim.at\/wp-content\/uploads\/wien-heute-echt-gut-im-gruenen-das-chadim.mp4'><video class='avia_video' poster=\"https:\/\/das-chadim.at\/firmenfest\/wp-content\/uploads\/sites\/5\/2025\/09\/wien-heute-echt-gut-im-gruenen-das-chadim.jpg\"   preload=\"auto\"  controls id='player_15_820202206_544094866'><source src='https:\/\/das-chadim.at\/wp-content\/uploads\/wien-heute-echt-gut-im-gruenen-das-chadim.mp4' type='video\/mp4' \/><\/video><\/div>\n\n<\/div><\/div><\/div><!-- close content main div --><\/div><\/div>\n<style type=\"text\/css\" data-created_by=\"avia_inline_auto\" id=\"style-css-av-liypew0h-925d74ea95c8b767a938258858fec47c\">\n.avia-section.av-liypew0h-925d74ea95c8b767a938258858fec47c{\nbackground-color:#f4f4f4;\nbackground-image:unset;\n}\n<\/style>\n<div id='av_section_5'  class='avia-section av-liypew0h-925d74ea95c8b767a938258858fec47c main_color avia-section-large avia-no-border-styling  avia-builder-el-22  el_after_av_section  el_before_av_section  teasers avia-bg-style-scroll container_wrap fullsize'  ><div class='container av-section-cont-open' ><div class='template-page content  av-content-full alpha units'><div class='post-entry post-entry-type-page post-entry-15'><div class='entry-content-wrapper clearfix'>\n\n<style type=\"text\/css\" data-created_by=\"avia_inline_auto\" id=\"style-css-av-liz2s76n-0c309db787915dc5bb698e7e51f705ad\">\n#top .hr.hr-invisible.av-liz2s76n-0c309db787915dc5bb698e7e51f705ad{\nheight:30px;\n}\n<\/style>\n<div  class='hr av-liz2s76n-0c309db787915dc5bb698e7e51f705ad hr-invisible  avia-builder-el-23  el_before_av_one_half  avia-builder-el-first '><span class='hr-inner '><span class=\"hr-inner-style\"><\/span><\/span><\/div>\n<div class='flex_column_table av-liyplq99-8663bd95576ac96d49d57fe95d73c9ad sc-av_one_half av-equal-height-column-flextable'>\n<style type=\"text\/css\" data-created_by=\"avia_inline_auto\" id=\"style-css-av-liyplq99-8663bd95576ac96d49d57fe95d73c9ad\">\n.flex_column.av-liyplq99-8663bd95576ac96d49d57fe95d73c9ad{\nwidth:47.5%;\nmargin-left:0;\n}\n#top .flex_column_table.av-equal-height-column-flextable.av-liyplq99-8663bd95576ac96d49d57fe95d73c9ad .av-flex-placeholder{\nwidth:5%;\n}\n<\/style>\n<div  class='flex_column av-liyplq99-8663bd95576ac96d49d57fe95d73c9ad av_one_half  avia-builder-el-24  el_after_av_hr  el_before_av_one_half  first flex_column_table_cell av-equal-height-column av-align-middle  '     ><style type=\"text\/css\" data-created_by=\"avia_inline_auto\" id=\"style-css-av-liypcda7-d5e6612fb6ba51e4dd8bb6ee62ae4821\">\n#top .avia-gallery.av-liypcda7-d5e6612fb6ba51e4dd8bb6ee62ae4821 .avia-gallery-thumb a{\nwidth:20%;\n}\n<\/style>\n<div  class='avia-gallery av-liypcda7-d5e6612fb6ba51e4dd8bb6ee62ae4821 avia_animate_when_visible  avia-builder-el-25  avia-builder-el-no-sibling  av-hide-gallery-thumbs deactivate_avia_lazyload av-slideshow-ui av-loop-manual-endless av-control-hidden av-navigate-arrows hover-effect av-control-hidden avia-gallery-animate avia-gallery-1' ><meta itemprop=\"contentURL\" content=\"https:\/\/das-chadim.at\/firmenfest\/\"><div class='avia-gallery-big-wrapper'><a class='avia-gallery-big fakeLightbox lightbox avia-gallery-big-crop-thumb ' href=\"https:\/\/das-chadim.at\/firmenfest\/wp-content\/uploads\/sites\/5\/2024\/08\/406-1030x773.jpg\" data-srcset=\"https:\/\/das-chadim.at\/firmenfest\/wp-content\/uploads\/sites\/5\/2024\/08\/406-1030x773.jpg 1030w, https:\/\/das-chadim.at\/firmenfest\/wp-content\/uploads\/sites\/5\/2024\/08\/406-300x225.jpg 300w, https:\/\/das-chadim.at\/firmenfest\/wp-content\/uploads\/sites\/5\/2024\/08\/406-768x576.jpg 768w, https:\/\/das-chadim.at\/firmenfest\/wp-content\/uploads\/sites\/5\/2024\/08\/406-1536x1152.jpg 1536w, https:\/\/das-chadim.at\/firmenfest\/wp-content\/uploads\/sites\/5\/2024\/08\/406-1500x1125.jpg 1500w, https:\/\/das-chadim.at\/firmenfest\/wp-content\/uploads\/sites\/5\/2024\/08\/406-705x529.jpg 705w, https:\/\/das-chadim.at\/firmenfest\/wp-content\/uploads\/sites\/5\/2024\/08\/406.jpg 1920w\" data-sizes=\"(max-width: 1030px) 100vw, 1030px\"  data-onclick='1' title='(406)' ><span class='avia-gallery-big-inner' ><img decoding=\"async\" loading=\"lazy\" class=\"wp-image-465 avia-img-lazy-loading-465\"  width=\"1920\" height=\"1440\" src=\"https:\/\/das-chadim.at\/firmenfest\/wp-content\/uploads\/sites\/5\/2024\/08\/406.jpg\" title='(406)' alt='' srcset=\"https:\/\/das-chadim.at\/firmenfest\/wp-content\/uploads\/sites\/5\/2024\/08\/406.jpg 1920w, https:\/\/das-chadim.at\/firmenfest\/wp-content\/uploads\/sites\/5\/2024\/08\/406-300x225.jpg 300w, https:\/\/das-chadim.at\/firmenfest\/wp-content\/uploads\/sites\/5\/2024\/08\/406-1030x773.jpg 1030w, https:\/\/das-chadim.at\/firmenfest\/wp-content\/uploads\/sites\/5\/2024\/08\/406-768x576.jpg 768w, https:\/\/das-chadim.at\/firmenfest\/wp-content\/uploads\/sites\/5\/2024\/08\/406-1536x1152.jpg 1536w, https:\/\/das-chadim.at\/firmenfest\/wp-content\/uploads\/sites\/5\/2024\/08\/406-1500x1125.jpg 1500w, https:\/\/das-chadim.at\/firmenfest\/wp-content\/uploads\/sites\/5\/2024\/08\/406-705x529.jpg 705w\" sizes=\"auto, (max-width: 1920px) 100vw, 1920px\" \/><\/span><\/a><\/div><div class='avia-gallery-thumb'><a href=\"https:\/\/das-chadim.at\/firmenfest\/wp-content\/uploads\/sites\/5\/2024\/08\/406-1030x773.jpg\" data-srcset=\"https:\/\/das-chadim.at\/firmenfest\/wp-content\/uploads\/sites\/5\/2024\/08\/406-1030x773.jpg 1030w, https:\/\/das-chadim.at\/firmenfest\/wp-content\/uploads\/sites\/5\/2024\/08\/406-300x225.jpg 300w, https:\/\/das-chadim.at\/firmenfest\/wp-content\/uploads\/sites\/5\/2024\/08\/406-768x576.jpg 768w, https:\/\/das-chadim.at\/firmenfest\/wp-content\/uploads\/sites\/5\/2024\/08\/406-1536x1152.jpg 1536w, https:\/\/das-chadim.at\/firmenfest\/wp-content\/uploads\/sites\/5\/2024\/08\/406-1500x1125.jpg 1500w, https:\/\/das-chadim.at\/firmenfest\/wp-content\/uploads\/sites\/5\/2024\/08\/406-705x529.jpg 705w, https:\/\/das-chadim.at\/firmenfest\/wp-content\/uploads\/sites\/5\/2024\/08\/406.jpg 1920w\" data-sizes=\"(max-width: 1030px) 100vw, 1030px\" data-rel='gallery-1' data-prev-img='https:\/\/das-chadim.at\/firmenfest\/wp-content\/uploads\/sites\/5\/2024\/08\/406.jpg' class='first_thumb lightbox ' data-onclick='1' title='(406)'  ><img decoding=\"async\" loading=\"lazy\" class=\"wp-image-465 avia-img-lazy-loading-465\"   src=\"https:\/\/das-chadim.at\/firmenfest\/wp-content\/uploads\/sites\/5\/2024\/08\/406-495x400.jpg\" width=\"495\" height=\"400\"  title='(406)' alt='' srcset=\"https:\/\/das-chadim.at\/firmenfest\/wp-content\/uploads\/sites\/5\/2024\/08\/406-495x400.jpg 495w, https:\/\/das-chadim.at\/firmenfest\/wp-content\/uploads\/sites\/5\/2024\/08\/406-845x684.jpg 845w\" sizes=\"auto, (max-width: 495px) 100vw, 495px\" \/><div class='big-prev-fake'><img decoding=\"async\" loading=\"lazy\" class=\"wp-image-465 avia-img-lazy-loading-465\"  width=\"1920\" height=\"1440\" src=\"https:\/\/das-chadim.at\/firmenfest\/wp-content\/uploads\/sites\/5\/2024\/08\/406.jpg\" title='(406)' alt='' srcset=\"https:\/\/das-chadim.at\/firmenfest\/wp-content\/uploads\/sites\/5\/2024\/08\/406.jpg 1920w, https:\/\/das-chadim.at\/firmenfest\/wp-content\/uploads\/sites\/5\/2024\/08\/406-300x225.jpg 300w, https:\/\/das-chadim.at\/firmenfest\/wp-content\/uploads\/sites\/5\/2024\/08\/406-1030x773.jpg 1030w, https:\/\/das-chadim.at\/firmenfest\/wp-content\/uploads\/sites\/5\/2024\/08\/406-768x576.jpg 768w, https:\/\/das-chadim.at\/firmenfest\/wp-content\/uploads\/sites\/5\/2024\/08\/406-1536x1152.jpg 1536w, https:\/\/das-chadim.at\/firmenfest\/wp-content\/uploads\/sites\/5\/2024\/08\/406-1500x1125.jpg 1500w, https:\/\/das-chadim.at\/firmenfest\/wp-content\/uploads\/sites\/5\/2024\/08\/406-705x529.jpg 705w\" sizes=\"auto, (max-width: 1920px) 100vw, 1920px\" \/><\/div><\/a><a href=\"https:\/\/das-chadim.at\/firmenfest\/wp-content\/uploads\/sites\/5\/2024\/08\/Adrian-Almasan-0148-1030x687.jpg\" data-srcset=\"https:\/\/das-chadim.at\/firmenfest\/wp-content\/uploads\/sites\/5\/2024\/08\/Adrian-Almasan-0148-1030x687.jpg 1030w, https:\/\/das-chadim.at\/firmenfest\/wp-content\/uploads\/sites\/5\/2024\/08\/Adrian-Almasan-0148-300x200.jpg 300w, https:\/\/das-chadim.at\/firmenfest\/wp-content\/uploads\/sites\/5\/2024\/08\/Adrian-Almasan-0148-768x512.jpg 768w, https:\/\/das-chadim.at\/firmenfest\/wp-content\/uploads\/sites\/5\/2024\/08\/Adrian-Almasan-0148-600x400.jpg 600w, https:\/\/das-chadim.at\/firmenfest\/wp-content\/uploads\/sites\/5\/2024\/08\/Adrian-Almasan-0148-705x470.jpg 705w, https:\/\/das-chadim.at\/firmenfest\/wp-content\/uploads\/sites\/5\/2024\/08\/Adrian-Almasan-0148.jpg 1400w\" data-sizes=\"(max-width: 1030px) 100vw, 1030px\" data-rel='gallery-1' data-prev-img='https:\/\/das-chadim.at\/firmenfest\/wp-content\/uploads\/sites\/5\/2024\/08\/Adrian-Almasan-0148.jpg' class='lightbox ' data-onclick='2' title='\u00a9 Adrian Almasan | www.adrianalmasan.com'  ><img decoding=\"async\" loading=\"lazy\" class=\"wp-image-453 avia-img-lazy-loading-453\"   src=\"https:\/\/das-chadim.at\/firmenfest\/wp-content\/uploads\/sites\/5\/2024\/08\/Adrian-Almasan-0148-495x400.jpg\" width=\"495\" height=\"400\"  title='\u00a9 Adrian Almasan | www.adrianalmasan.com' alt='' srcset=\"https:\/\/das-chadim.at\/firmenfest\/wp-content\/uploads\/sites\/5\/2024\/08\/Adrian-Almasan-0148-495x400.jpg 495w, https:\/\/das-chadim.at\/firmenfest\/wp-content\/uploads\/sites\/5\/2024\/08\/Adrian-Almasan-0148-845x684.jpg 845w\" sizes=\"auto, (max-width: 495px) 100vw, 495px\" \/><div class='big-prev-fake'><img decoding=\"async\" loading=\"lazy\" class=\"wp-image-453 avia-img-lazy-loading-453\"  width=\"1400\" height=\"934\" src=\"https:\/\/das-chadim.at\/firmenfest\/wp-content\/uploads\/sites\/5\/2024\/08\/Adrian-Almasan-0148.jpg\" title='\u00a9 Adrian Almasan | www.adrianalmasan.com' alt='' srcset=\"https:\/\/das-chadim.at\/firmenfest\/wp-content\/uploads\/sites\/5\/2024\/08\/Adrian-Almasan-0148.jpg 1400w, https:\/\/das-chadim.at\/firmenfest\/wp-content\/uploads\/sites\/5\/2024\/08\/Adrian-Almasan-0148-300x200.jpg 300w, https:\/\/das-chadim.at\/firmenfest\/wp-content\/uploads\/sites\/5\/2024\/08\/Adrian-Almasan-0148-1030x687.jpg 1030w, https:\/\/das-chadim.at\/firmenfest\/wp-content\/uploads\/sites\/5\/2024\/08\/Adrian-Almasan-0148-768x512.jpg 768w, https:\/\/das-chadim.at\/firmenfest\/wp-content\/uploads\/sites\/5\/2024\/08\/Adrian-Almasan-0148-600x400.jpg 600w, https:\/\/das-chadim.at\/firmenfest\/wp-content\/uploads\/sites\/5\/2024\/08\/Adrian-Almasan-0148-705x470.jpg 705w\" sizes=\"auto, (max-width: 1400px) 100vw, 1400px\" \/><\/div><\/a><a href=\"https:\/\/das-chadim.at\/firmenfest\/wp-content\/uploads\/sites\/5\/2024\/08\/K1600_herbst-6193-1030x687.jpg\" data-srcset=\"https:\/\/das-chadim.at\/firmenfest\/wp-content\/uploads\/sites\/5\/2024\/08\/K1600_herbst-6193-1030x687.jpg 1030w, https:\/\/das-chadim.at\/firmenfest\/wp-content\/uploads\/sites\/5\/2024\/08\/K1600_herbst-6193-300x200.jpg 300w, https:\/\/das-chadim.at\/firmenfest\/wp-content\/uploads\/sites\/5\/2024\/08\/K1600_herbst-6193-768x512.jpg 768w, https:\/\/das-chadim.at\/firmenfest\/wp-content\/uploads\/sites\/5\/2024\/08\/K1600_herbst-6193-1536x1024.jpg 1536w, https:\/\/das-chadim.at\/firmenfest\/wp-content\/uploads\/sites\/5\/2024\/08\/K1600_herbst-6193-600x400.jpg 600w, https:\/\/das-chadim.at\/firmenfest\/wp-content\/uploads\/sites\/5\/2024\/08\/K1600_herbst-6193-1500x1000.jpg 1500w, https:\/\/das-chadim.at\/firmenfest\/wp-content\/uploads\/sites\/5\/2024\/08\/K1600_herbst-6193-705x470.jpg 705w, https:\/\/das-chadim.at\/firmenfest\/wp-content\/uploads\/sites\/5\/2024\/08\/K1600_herbst-6193.jpg 1800w\" data-sizes=\"(max-width: 1030px) 100vw, 1030px\" data-rel='gallery-1' data-prev-img='https:\/\/das-chadim.at\/firmenfest\/wp-content\/uploads\/sites\/5\/2024\/08\/K1600_herbst-6193.jpg' class='lightbox ' data-onclick='3' title='K1600_herbst-6193'  ><img decoding=\"async\" loading=\"lazy\" class=\"wp-image-469 avia-img-lazy-loading-469\"   src=\"https:\/\/das-chadim.at\/firmenfest\/wp-content\/uploads\/sites\/5\/2024\/08\/K1600_herbst-6193-495x400.jpg\" width=\"495\" height=\"400\"  title='K1600_herbst-6193' alt='' srcset=\"https:\/\/das-chadim.at\/firmenfest\/wp-content\/uploads\/sites\/5\/2024\/08\/K1600_herbst-6193-495x400.jpg 495w, https:\/\/das-chadim.at\/firmenfest\/wp-content\/uploads\/sites\/5\/2024\/08\/K1600_herbst-6193-845x684.jpg 845w\" sizes=\"auto, (max-width: 495px) 100vw, 495px\" \/><div class='big-prev-fake'><img decoding=\"async\" loading=\"lazy\" class=\"wp-image-469 avia-img-lazy-loading-469\"  width=\"1800\" height=\"1200\" src=\"https:\/\/das-chadim.at\/firmenfest\/wp-content\/uploads\/sites\/5\/2024\/08\/K1600_herbst-6193.jpg\" title='K1600_herbst-6193' alt='' srcset=\"https:\/\/das-chadim.at\/firmenfest\/wp-content\/uploads\/sites\/5\/2024\/08\/K1600_herbst-6193.jpg 1800w, https:\/\/das-chadim.at\/firmenfest\/wp-content\/uploads\/sites\/5\/2024\/08\/K1600_herbst-6193-300x200.jpg 300w, https:\/\/das-chadim.at\/firmenfest\/wp-content\/uploads\/sites\/5\/2024\/08\/K1600_herbst-6193-1030x687.jpg 1030w, https:\/\/das-chadim.at\/firmenfest\/wp-content\/uploads\/sites\/5\/2024\/08\/K1600_herbst-6193-768x512.jpg 768w, https:\/\/das-chadim.at\/firmenfest\/wp-content\/uploads\/sites\/5\/2024\/08\/K1600_herbst-6193-1536x1024.jpg 1536w, https:\/\/das-chadim.at\/firmenfest\/wp-content\/uploads\/sites\/5\/2024\/08\/K1600_herbst-6193-600x400.jpg 600w, https:\/\/das-chadim.at\/firmenfest\/wp-content\/uploads\/sites\/5\/2024\/08\/K1600_herbst-6193-1500x1000.jpg 1500w, https:\/\/das-chadim.at\/firmenfest\/wp-content\/uploads\/sites\/5\/2024\/08\/K1600_herbst-6193-705x470.jpg 705w\" sizes=\"auto, (max-width: 1800px) 100vw, 1800px\" \/><\/div><\/a><a href=\"https:\/\/das-chadim.at\/firmenfest\/wp-content\/uploads\/sites\/5\/2024\/08\/Adrian-Almasan-0020-1030x687.jpg\" data-srcset=\"https:\/\/das-chadim.at\/firmenfest\/wp-content\/uploads\/sites\/5\/2024\/08\/Adrian-Almasan-0020-1030x687.jpg 1030w, https:\/\/das-chadim.at\/firmenfest\/wp-content\/uploads\/sites\/5\/2024\/08\/Adrian-Almasan-0020-300x200.jpg 300w, https:\/\/das-chadim.at\/firmenfest\/wp-content\/uploads\/sites\/5\/2024\/08\/Adrian-Almasan-0020-768x512.jpg 768w, https:\/\/das-chadim.at\/firmenfest\/wp-content\/uploads\/sites\/5\/2024\/08\/Adrian-Almasan-0020-600x400.jpg 600w, https:\/\/das-chadim.at\/firmenfest\/wp-content\/uploads\/sites\/5\/2024\/08\/Adrian-Almasan-0020-705x470.jpg 705w, https:\/\/das-chadim.at\/firmenfest\/wp-content\/uploads\/sites\/5\/2024\/08\/Adrian-Almasan-0020.jpg 1400w\" data-sizes=\"(max-width: 1030px) 100vw, 1030px\" data-rel='gallery-1' data-prev-img='https:\/\/das-chadim.at\/firmenfest\/wp-content\/uploads\/sites\/5\/2024\/08\/Adrian-Almasan-0020.jpg' class='lightbox ' data-onclick='4' title='\u00a9 Adrian Almasan | www.adrianalmasan.com'  ><img decoding=\"async\" loading=\"lazy\" class=\"wp-image-466 avia-img-lazy-loading-466\"   src=\"https:\/\/das-chadim.at\/firmenfest\/wp-content\/uploads\/sites\/5\/2024\/08\/Adrian-Almasan-0020-495x400.jpg\" width=\"495\" height=\"400\"  title='\u00a9 Adrian Almasan | www.adrianalmasan.com' alt='' srcset=\"https:\/\/das-chadim.at\/firmenfest\/wp-content\/uploads\/sites\/5\/2024\/08\/Adrian-Almasan-0020-495x400.jpg 495w, https:\/\/das-chadim.at\/firmenfest\/wp-content\/uploads\/sites\/5\/2024\/08\/Adrian-Almasan-0020-845x684.jpg 845w\" sizes=\"auto, (max-width: 495px) 100vw, 495px\" \/><div class='big-prev-fake'><img decoding=\"async\" loading=\"lazy\" class=\"wp-image-466 avia-img-lazy-loading-466\"  width=\"1400\" height=\"934\" src=\"https:\/\/das-chadim.at\/firmenfest\/wp-content\/uploads\/sites\/5\/2024\/08\/Adrian-Almasan-0020.jpg\" title='\u00a9 Adrian Almasan | www.adrianalmasan.com' alt='' srcset=\"https:\/\/das-chadim.at\/firmenfest\/wp-content\/uploads\/sites\/5\/2024\/08\/Adrian-Almasan-0020.jpg 1400w, https:\/\/das-chadim.at\/firmenfest\/wp-content\/uploads\/sites\/5\/2024\/08\/Adrian-Almasan-0020-300x200.jpg 300w, https:\/\/das-chadim.at\/firmenfest\/wp-content\/uploads\/sites\/5\/2024\/08\/Adrian-Almasan-0020-1030x687.jpg 1030w, https:\/\/das-chadim.at\/firmenfest\/wp-content\/uploads\/sites\/5\/2024\/08\/Adrian-Almasan-0020-768x512.jpg 768w, https:\/\/das-chadim.at\/firmenfest\/wp-content\/uploads\/sites\/5\/2024\/08\/Adrian-Almasan-0020-600x400.jpg 600w, https:\/\/das-chadim.at\/firmenfest\/wp-content\/uploads\/sites\/5\/2024\/08\/Adrian-Almasan-0020-705x470.jpg 705w\" sizes=\"auto, (max-width: 1400px) 100vw, 1400px\" \/><\/div><\/a><a href=\"https:\/\/das-chadim.at\/firmenfest\/wp-content\/uploads\/sites\/5\/2024\/08\/Adrian-Almasan-0013-1030x687.jpg\" data-srcset=\"https:\/\/das-chadim.at\/firmenfest\/wp-content\/uploads\/sites\/5\/2024\/08\/Adrian-Almasan-0013-1030x687.jpg 1030w, https:\/\/das-chadim.at\/firmenfest\/wp-content\/uploads\/sites\/5\/2024\/08\/Adrian-Almasan-0013-300x200.jpg 300w, https:\/\/das-chadim.at\/firmenfest\/wp-content\/uploads\/sites\/5\/2024\/08\/Adrian-Almasan-0013-768x512.jpg 768w, https:\/\/das-chadim.at\/firmenfest\/wp-content\/uploads\/sites\/5\/2024\/08\/Adrian-Almasan-0013-600x400.jpg 600w, https:\/\/das-chadim.at\/firmenfest\/wp-content\/uploads\/sites\/5\/2024\/08\/Adrian-Almasan-0013-705x470.jpg 705w, https:\/\/das-chadim.at\/firmenfest\/wp-content\/uploads\/sites\/5\/2024\/08\/Adrian-Almasan-0013.jpg 1400w\" data-sizes=\"(max-width: 1030px) 100vw, 1030px\" data-rel='gallery-1' data-prev-img='https:\/\/das-chadim.at\/firmenfest\/wp-content\/uploads\/sites\/5\/2024\/08\/Adrian-Almasan-0013.jpg' class='lightbox ' data-onclick='5' title='\u00a9 Adrian Almasan | www.adrianalmasan.com'  ><img decoding=\"async\" loading=\"lazy\" class=\"wp-image-451 avia-img-lazy-loading-451\"   src=\"https:\/\/das-chadim.at\/firmenfest\/wp-content\/uploads\/sites\/5\/2024\/08\/Adrian-Almasan-0013-495x400.jpg\" width=\"495\" height=\"400\"  title='\u00a9 Adrian Almasan | www.adrianalmasan.com' alt='' srcset=\"https:\/\/das-chadim.at\/firmenfest\/wp-content\/uploads\/sites\/5\/2024\/08\/Adrian-Almasan-0013-495x400.jpg 495w, https:\/\/das-chadim.at\/firmenfest\/wp-content\/uploads\/sites\/5\/2024\/08\/Adrian-Almasan-0013-845x684.jpg 845w\" sizes=\"auto, (max-width: 495px) 100vw, 495px\" \/><div class='big-prev-fake'><img decoding=\"async\" loading=\"lazy\" class=\"wp-image-451 avia-img-lazy-loading-451\"  width=\"1400\" height=\"934\" src=\"https:\/\/das-chadim.at\/firmenfest\/wp-content\/uploads\/sites\/5\/2024\/08\/Adrian-Almasan-0013.jpg\" title='\u00a9 Adrian Almasan | www.adrianalmasan.com' alt='' srcset=\"https:\/\/das-chadim.at\/firmenfest\/wp-content\/uploads\/sites\/5\/2024\/08\/Adrian-Almasan-0013.jpg 1400w, https:\/\/das-chadim.at\/firmenfest\/wp-content\/uploads\/sites\/5\/2024\/08\/Adrian-Almasan-0013-300x200.jpg 300w, https:\/\/das-chadim.at\/firmenfest\/wp-content\/uploads\/sites\/5\/2024\/08\/Adrian-Almasan-0013-1030x687.jpg 1030w, https:\/\/das-chadim.at\/firmenfest\/wp-content\/uploads\/sites\/5\/2024\/08\/Adrian-Almasan-0013-768x512.jpg 768w, https:\/\/das-chadim.at\/firmenfest\/wp-content\/uploads\/sites\/5\/2024\/08\/Adrian-Almasan-0013-600x400.jpg 600w, https:\/\/das-chadim.at\/firmenfest\/wp-content\/uploads\/sites\/5\/2024\/08\/Adrian-Almasan-0013-705x470.jpg 705w\" sizes=\"auto, (max-width: 1400px) 100vw, 1400px\" \/><\/div><\/a><a href=\"https:\/\/das-chadim.at\/firmenfest\/wp-content\/uploads\/sites\/5\/2024\/08\/Adrian-Almasan-0035-1030x687.jpg\" data-srcset=\"https:\/\/das-chadim.at\/firmenfest\/wp-content\/uploads\/sites\/5\/2024\/08\/Adrian-Almasan-0035-1030x687.jpg 1030w, https:\/\/das-chadim.at\/firmenfest\/wp-content\/uploads\/sites\/5\/2024\/08\/Adrian-Almasan-0035-300x200.jpg 300w, https:\/\/das-chadim.at\/firmenfest\/wp-content\/uploads\/sites\/5\/2024\/08\/Adrian-Almasan-0035-768x512.jpg 768w, https:\/\/das-chadim.at\/firmenfest\/wp-content\/uploads\/sites\/5\/2024\/08\/Adrian-Almasan-0035-600x400.jpg 600w, https:\/\/das-chadim.at\/firmenfest\/wp-content\/uploads\/sites\/5\/2024\/08\/Adrian-Almasan-0035-705x470.jpg 705w, https:\/\/das-chadim.at\/firmenfest\/wp-content\/uploads\/sites\/5\/2024\/08\/Adrian-Almasan-0035.jpg 1400w\" data-sizes=\"(max-width: 1030px) 100vw, 1030px\" data-rel='gallery-1' data-prev-img='https:\/\/das-chadim.at\/firmenfest\/wp-content\/uploads\/sites\/5\/2024\/08\/Adrian-Almasan-0035.jpg' class='first_thumb lightbox ' data-onclick='6' title='\u00a9 Adrian Almasan | www.adrianalmasan.com'  ><img decoding=\"async\" loading=\"lazy\" class=\"wp-image-467 avia-img-lazy-loading-467\"   src=\"https:\/\/das-chadim.at\/firmenfest\/wp-content\/uploads\/sites\/5\/2024\/08\/Adrian-Almasan-0035-495x400.jpg\" width=\"495\" height=\"400\"  title='\u00a9 Adrian Almasan | www.adrianalmasan.com' alt='' srcset=\"https:\/\/das-chadim.at\/firmenfest\/wp-content\/uploads\/sites\/5\/2024\/08\/Adrian-Almasan-0035-495x400.jpg 495w, https:\/\/das-chadim.at\/firmenfest\/wp-content\/uploads\/sites\/5\/2024\/08\/Adrian-Almasan-0035-845x684.jpg 845w\" sizes=\"auto, (max-width: 495px) 100vw, 495px\" \/><div class='big-prev-fake'><img decoding=\"async\" loading=\"lazy\" class=\"wp-image-467 avia-img-lazy-loading-467\"  width=\"1400\" height=\"934\" src=\"https:\/\/das-chadim.at\/firmenfest\/wp-content\/uploads\/sites\/5\/2024\/08\/Adrian-Almasan-0035.jpg\" title='\u00a9 Adrian Almasan | www.adrianalmasan.com' alt='' srcset=\"https:\/\/das-chadim.at\/firmenfest\/wp-content\/uploads\/sites\/5\/2024\/08\/Adrian-Almasan-0035.jpg 1400w, https:\/\/das-chadim.at\/firmenfest\/wp-content\/uploads\/sites\/5\/2024\/08\/Adrian-Almasan-0035-300x200.jpg 300w, https:\/\/das-chadim.at\/firmenfest\/wp-content\/uploads\/sites\/5\/2024\/08\/Adrian-Almasan-0035-1030x687.jpg 1030w, https:\/\/das-chadim.at\/firmenfest\/wp-content\/uploads\/sites\/5\/2024\/08\/Adrian-Almasan-0035-768x512.jpg 768w, https:\/\/das-chadim.at\/firmenfest\/wp-content\/uploads\/sites\/5\/2024\/08\/Adrian-Almasan-0035-600x400.jpg 600w, https:\/\/das-chadim.at\/firmenfest\/wp-content\/uploads\/sites\/5\/2024\/08\/Adrian-Almasan-0035-705x470.jpg 705w\" sizes=\"auto, (max-width: 1400px) 100vw, 1400px\" \/><\/div><\/a><a href=\"https:\/\/das-chadim.at\/firmenfest\/wp-content\/uploads\/sites\/5\/2024\/08\/Adrian-Almasan-0267_kleiner-687x1030.jpg\" data-srcset=\"https:\/\/das-chadim.at\/firmenfest\/wp-content\/uploads\/sites\/5\/2024\/08\/Adrian-Almasan-0267_kleiner-687x1030.jpg 687w, https:\/\/das-chadim.at\/firmenfest\/wp-content\/uploads\/sites\/5\/2024\/08\/Adrian-Almasan-0267_kleiner-200x300.jpg 200w, https:\/\/das-chadim.at\/firmenfest\/wp-content\/uploads\/sites\/5\/2024\/08\/Adrian-Almasan-0267_kleiner-768x1152.jpg 768w, https:\/\/das-chadim.at\/firmenfest\/wp-content\/uploads\/sites\/5\/2024\/08\/Adrian-Almasan-0267_kleiner-1024x1536.jpg 1024w, https:\/\/das-chadim.at\/firmenfest\/wp-content\/uploads\/sites\/5\/2024\/08\/Adrian-Almasan-0267_kleiner-1000x1500.jpg 1000w, https:\/\/das-chadim.at\/firmenfest\/wp-content\/uploads\/sites\/5\/2024\/08\/Adrian-Almasan-0267_kleiner-470x705.jpg 470w, https:\/\/das-chadim.at\/firmenfest\/wp-content\/uploads\/sites\/5\/2024\/08\/Adrian-Almasan-0267_kleiner.jpg 1280w\" data-sizes=\"(max-width: 687px) 100vw, 687px\" data-rel='gallery-1' data-prev-img='https:\/\/das-chadim.at\/firmenfest\/wp-content\/uploads\/sites\/5\/2024\/08\/Adrian-Almasan-0267_kleiner.jpg' class='lightbox ' data-onclick='7' title='\u00a9 Adrian Almasan | www.adrianalmasan.com'  ><img decoding=\"async\" loading=\"lazy\" class=\"wp-image-460 avia-img-lazy-loading-460\"   src=\"https:\/\/das-chadim.at\/firmenfest\/wp-content\/uploads\/sites\/5\/2024\/08\/Adrian-Almasan-0267_kleiner-495x400.jpg\" width=\"495\" height=\"400\"  title='\u00a9 Adrian Almasan | www.adrianalmasan.com' alt='' srcset=\"https:\/\/das-chadim.at\/firmenfest\/wp-content\/uploads\/sites\/5\/2024\/08\/Adrian-Almasan-0267_kleiner-495x400.jpg 495w, https:\/\/das-chadim.at\/firmenfest\/wp-content\/uploads\/sites\/5\/2024\/08\/Adrian-Almasan-0267_kleiner-845x684.jpg 845w\" sizes=\"auto, (max-width: 495px) 100vw, 495px\" \/><div class='big-prev-fake'><img decoding=\"async\" loading=\"lazy\" class=\"wp-image-460 avia-img-lazy-loading-460\"  width=\"1280\" height=\"1920\" src=\"https:\/\/das-chadim.at\/firmenfest\/wp-content\/uploads\/sites\/5\/2024\/08\/Adrian-Almasan-0267_kleiner.jpg\" title='\u00a9 Adrian Almasan | www.adrianalmasan.com' alt='' srcset=\"https:\/\/das-chadim.at\/firmenfest\/wp-content\/uploads\/sites\/5\/2024\/08\/Adrian-Almasan-0267_kleiner.jpg 1280w, https:\/\/das-chadim.at\/firmenfest\/wp-content\/uploads\/sites\/5\/2024\/08\/Adrian-Almasan-0267_kleiner-200x300.jpg 200w, https:\/\/das-chadim.at\/firmenfest\/wp-content\/uploads\/sites\/5\/2024\/08\/Adrian-Almasan-0267_kleiner-687x1030.jpg 687w, https:\/\/das-chadim.at\/firmenfest\/wp-content\/uploads\/sites\/5\/2024\/08\/Adrian-Almasan-0267_kleiner-768x1152.jpg 768w, https:\/\/das-chadim.at\/firmenfest\/wp-content\/uploads\/sites\/5\/2024\/08\/Adrian-Almasan-0267_kleiner-1024x1536.jpg 1024w, https:\/\/das-chadim.at\/firmenfest\/wp-content\/uploads\/sites\/5\/2024\/08\/Adrian-Almasan-0267_kleiner-1000x1500.jpg 1000w, https:\/\/das-chadim.at\/firmenfest\/wp-content\/uploads\/sites\/5\/2024\/08\/Adrian-Almasan-0267_kleiner-470x705.jpg 470w\" sizes=\"auto, (max-width: 1280px) 100vw, 1280px\" \/><\/div><\/a><a href=\"https:\/\/das-chadim.at\/firmenfest\/wp-content\/uploads\/sites\/5\/2024\/08\/Adrian-Almasan-1006-1030x687.jpg\" data-srcset=\"https:\/\/das-chadim.at\/firmenfest\/wp-content\/uploads\/sites\/5\/2024\/08\/Adrian-Almasan-1006-1030x687.jpg 1030w, https:\/\/das-chadim.at\/firmenfest\/wp-content\/uploads\/sites\/5\/2024\/08\/Adrian-Almasan-1006-300x200.jpg 300w, https:\/\/das-chadim.at\/firmenfest\/wp-content\/uploads\/sites\/5\/2024\/08\/Adrian-Almasan-1006-768x512.jpg 768w, https:\/\/das-chadim.at\/firmenfest\/wp-content\/uploads\/sites\/5\/2024\/08\/Adrian-Almasan-1006-600x400.jpg 600w, https:\/\/das-chadim.at\/firmenfest\/wp-content\/uploads\/sites\/5\/2024\/08\/Adrian-Almasan-1006-705x470.jpg 705w, https:\/\/das-chadim.at\/firmenfest\/wp-content\/uploads\/sites\/5\/2024\/08\/Adrian-Almasan-1006.jpg 1400w\" data-sizes=\"(max-width: 1030px) 100vw, 1030px\" data-rel='gallery-1' data-prev-img='https:\/\/das-chadim.at\/firmenfest\/wp-content\/uploads\/sites\/5\/2024\/08\/Adrian-Almasan-1006.jpg' class='lightbox ' data-onclick='8' title='\u00a9 Adrian Almasan | www.adrianalmasan.com'  ><img decoding=\"async\" loading=\"lazy\" class=\"wp-image-458 avia-img-lazy-loading-458\"   src=\"https:\/\/das-chadim.at\/firmenfest\/wp-content\/uploads\/sites\/5\/2024\/08\/Adrian-Almasan-1006-495x400.jpg\" width=\"495\" height=\"400\"  title='\u00a9 Adrian Almasan | www.adrianalmasan.com' alt='' srcset=\"https:\/\/das-chadim.at\/firmenfest\/wp-content\/uploads\/sites\/5\/2024\/08\/Adrian-Almasan-1006-495x400.jpg 495w, https:\/\/das-chadim.at\/firmenfest\/wp-content\/uploads\/sites\/5\/2024\/08\/Adrian-Almasan-1006-845x684.jpg 845w\" sizes=\"auto, (max-width: 495px) 100vw, 495px\" \/><div class='big-prev-fake'><img decoding=\"async\" loading=\"lazy\" class=\"wp-image-458 avia-img-lazy-loading-458\"  width=\"1400\" height=\"934\" src=\"https:\/\/das-chadim.at\/firmenfest\/wp-content\/uploads\/sites\/5\/2024\/08\/Adrian-Almasan-1006.jpg\" title='\u00a9 Adrian Almasan | www.adrianalmasan.com' alt='' srcset=\"https:\/\/das-chadim.at\/firmenfest\/wp-content\/uploads\/sites\/5\/2024\/08\/Adrian-Almasan-1006.jpg 1400w, https:\/\/das-chadim.at\/firmenfest\/wp-content\/uploads\/sites\/5\/2024\/08\/Adrian-Almasan-1006-300x200.jpg 300w, https:\/\/das-chadim.at\/firmenfest\/wp-content\/uploads\/sites\/5\/2024\/08\/Adrian-Almasan-1006-1030x687.jpg 1030w, https:\/\/das-chadim.at\/firmenfest\/wp-content\/uploads\/sites\/5\/2024\/08\/Adrian-Almasan-1006-768x512.jpg 768w, https:\/\/das-chadim.at\/firmenfest\/wp-content\/uploads\/sites\/5\/2024\/08\/Adrian-Almasan-1006-600x400.jpg 600w, https:\/\/das-chadim.at\/firmenfest\/wp-content\/uploads\/sites\/5\/2024\/08\/Adrian-Almasan-1006-705x470.jpg 705w\" sizes=\"auto, (max-width: 1400px) 100vw, 1400px\" \/><\/div><\/a><\/div><\/div><\/div><div class='av-flex-placeholder'><\/div>\n<style type=\"text\/css\" data-created_by=\"avia_inline_auto\" id=\"style-css-av-3dq3z-1c2edf3524a46d9897981ffbb5b9227b\">\n.flex_column.av-3dq3z-1c2edf3524a46d9897981ffbb5b9227b{\nwidth:47.5%;\nmargin-left:0;\n}\n#top .flex_column_table.av-equal-height-column-flextable.av-3dq3z-1c2edf3524a46d9897981ffbb5b9227b .av-flex-placeholder{\nwidth:5%;\n}\n<\/style>\n<div  class='flex_column av-3dq3z-1c2edf3524a46d9897981ffbb5b9227b av_one_half  avia-builder-el-26  el_after_av_one_half  avia-builder-el-last  flex_column_table_cell av-equal-height-column av-align-middle  '     ><section  class='av_textblock_section av-liyp6rup-458b16fd95e0e3446254288446e6dde2 '  ><div class='avia_textblock' ><h2>Die ideale Location<\/h2>\n<p>Entdecke unsere R\u00e4umlichkeiten und w\u00e4hle das passende Setting f\u00fcr deine Veranstaltung aus.\u00a0Von entspannten Pr\u00e4sentationen mit Stehbuffet in einem unserer Seminarr\u00e4ume bis hin zu unvergesslichen Feiern im Gew\u00f6lbe &#8211; bei uns ist alles m\u00f6glich!<\/p>\n<h4><strong>Eine Location, viele M\u00f6glichkeiten<\/strong><\/h4>\n<p>\u2013 3 Bankettr\u00e4ume \/ hell und modern \u2013 30 bis 50 Pers.<br \/>\n\u2013 Restaurant &amp; 2 St\u00fcberl \/ gem\u00fctlich \u2013 bis zu 120 Pers.<br \/>\n\u2013 Gew\u00f6lbe \/ Weinkellerfeeling \u2013 bis zu 50 Pers.<br \/>\n\u2013 Exklusives Festzelt \/ hell und luftig \u2013 bis zu 150 Pers.<br \/>\n\u2013 Wiese \/ himmlischer Weitblick \u2013 bis zu 150 Pers.<br \/>\n\u2013 Terrasse \/ Genuss &amp; Naturschatten \u2013 bis zu 250 Pers.<\/p>\n<\/div><\/section><\/div><\/div><!--close column table wrapper. Autoclose: 1 -->\n\n<\/div><\/div><\/div><!-- close content main div --><\/div><\/div>\n<style type=\"text\/css\" data-created_by=\"avia_inline_auto\" id=\"style-css-av-liyq62iz-bcb12dae7220aaf12277385154bf9ce6\">\n.avia-section.av-liyq62iz-bcb12dae7220aaf12277385154bf9ce6{\nbackground-color:#f4f4f4;\nbackground-image:unset;\n}\n<\/style>\n<div id='av_section_6'  class='avia-section av-liyq62iz-bcb12dae7220aaf12277385154bf9ce6 main_color avia-section-large avia-no-border-styling  avia-builder-el-28  el_after_av_section  el_before_av_section  teasers teasers-inverse avia-bg-style-scroll container_wrap fullsize'  ><div class='container av-section-cont-open' ><div class='template-page content  av-content-full alpha units'><div class='post-entry post-entry-type-page post-entry-15'><div class='entry-content-wrapper clearfix'>\n<div class='flex_column_table av-liyqias7-244b8b9576e8b47248727366b1e34150 sc-av_one_half av-equal-height-column-flextable'>\n<style type=\"text\/css\" data-created_by=\"avia_inline_auto\" id=\"style-css-av-liyqias7-244b8b9576e8b47248727366b1e34150\">\n.flex_column.av-liyqias7-244b8b9576e8b47248727366b1e34150{\nwidth:47.5%;\nmargin-left:0;\n}\n#top .flex_column_table.av-equal-height-column-flextable.av-liyqias7-244b8b9576e8b47248727366b1e34150 .av-flex-placeholder{\nwidth:5%;\n}\n<\/style>\n<div  class='flex_column av-liyqias7-244b8b9576e8b47248727366b1e34150 av_one_half  avia-builder-el-29  el_before_av_one_half  avia-builder-el-first  first flex_column_table_cell av-equal-height-column av-align-middle  '     ><section  class='av_textblock_section av-liypzmgu-f17d46c527d4d015bd3abd2032dbaa74 '  ><div class='avia_textblock' ><h2>Hauseigene Schmankerlk\u00fcche<\/h2>\n<p>In unserer hauseigenen K\u00fcche zaubern unsere erfahrenen K\u00f6che kreative Men\u00fcs und regionale Spezialit\u00e4ten. Unvergessliche kulinarische Erlebnisse\u00a0inmitten einer traumhaften Umgebung am Wienerberg.<\/p>\n<h4><strong>Von Fingerfood bis zum Buffet<\/strong><\/h4>\n<p>\u2013 Fingerfood<br \/>\n\u2013 A la Carte<br \/>\n\u2013 Buffett<\/p>\n<\/div><\/section><\/div><div class='av-flex-placeholder'><\/div>\n<style type=\"text\/css\" data-created_by=\"avia_inline_auto\" id=\"style-css-av-2o8in-56d9fdabdcc6d1aed5eaad86cb97e5a8\">\n.flex_column.av-2o8in-56d9fdabdcc6d1aed5eaad86cb97e5a8{\nwidth:47.5%;\nmargin-left:0;\n}\n#top .flex_column_table.av-equal-height-column-flextable.av-2o8in-56d9fdabdcc6d1aed5eaad86cb97e5a8 .av-flex-placeholder{\nwidth:5%;\n}\n<\/style>\n<div  class='flex_column av-2o8in-56d9fdabdcc6d1aed5eaad86cb97e5a8 av_one_half  avia-builder-el-31  el_after_av_one_half  avia-builder-el-last  flex_column_table_cell av-equal-height-column av-align-middle  '     ><style type=\"text\/css\" data-created_by=\"avia_inline_auto\" id=\"style-css-av-liypyxop-ae3c2d723f76b9006152fd274abd8060\">\n#top .avia-gallery.av-liypyxop-ae3c2d723f76b9006152fd274abd8060 .avia-gallery-thumb a{\nwidth:20%;\n}\n<\/style>\n<div  class='avia-gallery av-liypyxop-ae3c2d723f76b9006152fd274abd8060 avia_animate_when_visible  avia-builder-el-32  avia-builder-el-no-sibling  av-hide-gallery-thumbs deactivate_avia_lazyload av-slideshow-ui av-loop-manual-endless av-control-hidden av-navigate-arrows hover-effect av-control-hidden avia-gallery-animate avia-gallery-2' ><meta itemprop=\"contentURL\" content=\"https:\/\/das-chadim.at\/firmenfest\/\"><div class='avia-gallery-big-wrapper'><a class='avia-gallery-big fakeLightbox lightbox avia-gallery-big-crop-thumb ' href=\"https:\/\/das-chadim.at\/firmenfest\/wp-content\/uploads\/sites\/5\/2024\/08\/20220908_9242-1030x687.jpg\" data-srcset=\"https:\/\/das-chadim.at\/firmenfest\/wp-content\/uploads\/sites\/5\/2024\/08\/20220908_9242-1030x687.jpg 1030w, https:\/\/das-chadim.at\/firmenfest\/wp-content\/uploads\/sites\/5\/2024\/08\/20220908_9242-300x200.jpg 300w, https:\/\/das-chadim.at\/firmenfest\/wp-content\/uploads\/sites\/5\/2024\/08\/20220908_9242-768x512.jpg 768w, https:\/\/das-chadim.at\/firmenfest\/wp-content\/uploads\/sites\/5\/2024\/08\/20220908_9242-1536x1024.jpg 1536w, https:\/\/das-chadim.at\/firmenfest\/wp-content\/uploads\/sites\/5\/2024\/08\/20220908_9242-600x400.jpg 600w, https:\/\/das-chadim.at\/firmenfest\/wp-content\/uploads\/sites\/5\/2024\/08\/20220908_9242-1500x1000.jpg 1500w, https:\/\/das-chadim.at\/firmenfest\/wp-content\/uploads\/sites\/5\/2024\/08\/20220908_9242-705x470.jpg 705w, https:\/\/das-chadim.at\/firmenfest\/wp-content\/uploads\/sites\/5\/2024\/08\/20220908_9242.jpg 1920w\" data-sizes=\"(max-width: 1030px) 100vw, 1030px\"  data-onclick='1' title='20220908_9242' ><span class='avia-gallery-big-inner' ><img decoding=\"async\" loading=\"lazy\" class=\"wp-image-475 avia-img-lazy-loading-475\"  width=\"1920\" height=\"1280\" src=\"https:\/\/das-chadim.at\/firmenfest\/wp-content\/uploads\/sites\/5\/2024\/08\/20220908_9242.jpg\" title='20220908_9242' alt='' srcset=\"https:\/\/das-chadim.at\/firmenfest\/wp-content\/uploads\/sites\/5\/2024\/08\/20220908_9242.jpg 1920w, https:\/\/das-chadim.at\/firmenfest\/wp-content\/uploads\/sites\/5\/2024\/08\/20220908_9242-300x200.jpg 300w, https:\/\/das-chadim.at\/firmenfest\/wp-content\/uploads\/sites\/5\/2024\/08\/20220908_9242-1030x687.jpg 1030w, https:\/\/das-chadim.at\/firmenfest\/wp-content\/uploads\/sites\/5\/2024\/08\/20220908_9242-768x512.jpg 768w, https:\/\/das-chadim.at\/firmenfest\/wp-content\/uploads\/sites\/5\/2024\/08\/20220908_9242-1536x1024.jpg 1536w, https:\/\/das-chadim.at\/firmenfest\/wp-content\/uploads\/sites\/5\/2024\/08\/20220908_9242-600x400.jpg 600w, https:\/\/das-chadim.at\/firmenfest\/wp-content\/uploads\/sites\/5\/2024\/08\/20220908_9242-1500x1000.jpg 1500w, https:\/\/das-chadim.at\/firmenfest\/wp-content\/uploads\/sites\/5\/2024\/08\/20220908_9242-705x470.jpg 705w\" sizes=\"auto, (max-width: 1920px) 100vw, 1920px\" \/><\/span><\/a><\/div><div class='avia-gallery-thumb'><a href=\"https:\/\/das-chadim.at\/firmenfest\/wp-content\/uploads\/sites\/5\/2024\/08\/20220908_9242-1030x687.jpg\" data-srcset=\"https:\/\/das-chadim.at\/firmenfest\/wp-content\/uploads\/sites\/5\/2024\/08\/20220908_9242-1030x687.jpg 1030w, https:\/\/das-chadim.at\/firmenfest\/wp-content\/uploads\/sites\/5\/2024\/08\/20220908_9242-300x200.jpg 300w, https:\/\/das-chadim.at\/firmenfest\/wp-content\/uploads\/sites\/5\/2024\/08\/20220908_9242-768x512.jpg 768w, https:\/\/das-chadim.at\/firmenfest\/wp-content\/uploads\/sites\/5\/2024\/08\/20220908_9242-1536x1024.jpg 1536w, https:\/\/das-chadim.at\/firmenfest\/wp-content\/uploads\/sites\/5\/2024\/08\/20220908_9242-600x400.jpg 600w, https:\/\/das-chadim.at\/firmenfest\/wp-content\/uploads\/sites\/5\/2024\/08\/20220908_9242-1500x1000.jpg 1500w, https:\/\/das-chadim.at\/firmenfest\/wp-content\/uploads\/sites\/5\/2024\/08\/20220908_9242-705x470.jpg 705w, https:\/\/das-chadim.at\/firmenfest\/wp-content\/uploads\/sites\/5\/2024\/08\/20220908_9242.jpg 1920w\" data-sizes=\"(max-width: 1030px) 100vw, 1030px\" data-rel='gallery-2' data-prev-img='https:\/\/das-chadim.at\/firmenfest\/wp-content\/uploads\/sites\/5\/2024\/08\/20220908_9242.jpg' class='first_thumb lightbox ' data-onclick='1' title='20220908_9242'  ><img decoding=\"async\" loading=\"lazy\" class=\"wp-image-475 avia-img-lazy-loading-475\"   src=\"https:\/\/das-chadim.at\/firmenfest\/wp-content\/uploads\/sites\/5\/2024\/08\/20220908_9242-495x400.jpg\" width=\"495\" height=\"400\"  title='20220908_9242' alt='' srcset=\"https:\/\/das-chadim.at\/firmenfest\/wp-content\/uploads\/sites\/5\/2024\/08\/20220908_9242-495x400.jpg 495w, https:\/\/das-chadim.at\/firmenfest\/wp-content\/uploads\/sites\/5\/2024\/08\/20220908_9242-845x684.jpg 845w\" sizes=\"auto, (max-width: 495px) 100vw, 495px\" \/><div class='big-prev-fake'><img decoding=\"async\" loading=\"lazy\" class=\"wp-image-475 avia-img-lazy-loading-475\"  width=\"1920\" height=\"1280\" src=\"https:\/\/das-chadim.at\/firmenfest\/wp-content\/uploads\/sites\/5\/2024\/08\/20220908_9242.jpg\" title='20220908_9242' alt='' srcset=\"https:\/\/das-chadim.at\/firmenfest\/wp-content\/uploads\/sites\/5\/2024\/08\/20220908_9242.jpg 1920w, https:\/\/das-chadim.at\/firmenfest\/wp-content\/uploads\/sites\/5\/2024\/08\/20220908_9242-300x200.jpg 300w, https:\/\/das-chadim.at\/firmenfest\/wp-content\/uploads\/sites\/5\/2024\/08\/20220908_9242-1030x687.jpg 1030w, https:\/\/das-chadim.at\/firmenfest\/wp-content\/uploads\/sites\/5\/2024\/08\/20220908_9242-768x512.jpg 768w, https:\/\/das-chadim.at\/firmenfest\/wp-content\/uploads\/sites\/5\/2024\/08\/20220908_9242-1536x1024.jpg 1536w, https:\/\/das-chadim.at\/firmenfest\/wp-content\/uploads\/sites\/5\/2024\/08\/20220908_9242-600x400.jpg 600w, https:\/\/das-chadim.at\/firmenfest\/wp-content\/uploads\/sites\/5\/2024\/08\/20220908_9242-1500x1000.jpg 1500w, https:\/\/das-chadim.at\/firmenfest\/wp-content\/uploads\/sites\/5\/2024\/08\/20220908_9242-705x470.jpg 705w\" sizes=\"auto, (max-width: 1920px) 100vw, 1920px\" \/><\/div><\/a><a href=\"https:\/\/das-chadim.at\/firmenfest\/wp-content\/uploads\/sites\/5\/2024\/08\/Adrian-Almasan-1014-1030x773.jpg\" data-srcset=\"https:\/\/das-chadim.at\/firmenfest\/wp-content\/uploads\/sites\/5\/2024\/08\/Adrian-Almasan-1014-1030x773.jpg 1030w, https:\/\/das-chadim.at\/firmenfest\/wp-content\/uploads\/sites\/5\/2024\/08\/Adrian-Almasan-1014-300x225.jpg 300w, https:\/\/das-chadim.at\/firmenfest\/wp-content\/uploads\/sites\/5\/2024\/08\/Adrian-Almasan-1014-768x576.jpg 768w, https:\/\/das-chadim.at\/firmenfest\/wp-content\/uploads\/sites\/5\/2024\/08\/Adrian-Almasan-1014-705x529.jpg 705w, https:\/\/das-chadim.at\/firmenfest\/wp-content\/uploads\/sites\/5\/2024\/08\/Adrian-Almasan-1014.jpg 1400w\" data-sizes=\"(max-width: 1030px) 100vw, 1030px\" data-rel='gallery-2' data-prev-img='https:\/\/das-chadim.at\/firmenfest\/wp-content\/uploads\/sites\/5\/2024\/08\/Adrian-Almasan-1014.jpg' class='lightbox ' data-onclick='2' title='\u00a9 Adrian Almasan | www.adrianalmasan.com'  ><img decoding=\"async\" loading=\"lazy\" class=\"wp-image-457 avia-img-lazy-loading-457\"   src=\"https:\/\/das-chadim.at\/firmenfest\/wp-content\/uploads\/sites\/5\/2024\/08\/Adrian-Almasan-1014-495x400.jpg\" width=\"495\" height=\"400\"  title='\u00a9 Adrian Almasan | www.adrianalmasan.com' alt='' srcset=\"https:\/\/das-chadim.at\/firmenfest\/wp-content\/uploads\/sites\/5\/2024\/08\/Adrian-Almasan-1014-495x400.jpg 495w, https:\/\/das-chadim.at\/firmenfest\/wp-content\/uploads\/sites\/5\/2024\/08\/Adrian-Almasan-1014-845x684.jpg 845w\" sizes=\"auto, (max-width: 495px) 100vw, 495px\" \/><div class='big-prev-fake'><img decoding=\"async\" loading=\"lazy\" class=\"wp-image-457 avia-img-lazy-loading-457\"  width=\"1400\" height=\"1050\" src=\"https:\/\/das-chadim.at\/firmenfest\/wp-content\/uploads\/sites\/5\/2024\/08\/Adrian-Almasan-1014.jpg\" title='\u00a9 Adrian Almasan | www.adrianalmasan.com' alt='' srcset=\"https:\/\/das-chadim.at\/firmenfest\/wp-content\/uploads\/sites\/5\/2024\/08\/Adrian-Almasan-1014.jpg 1400w, https:\/\/das-chadim.at\/firmenfest\/wp-content\/uploads\/sites\/5\/2024\/08\/Adrian-Almasan-1014-300x225.jpg 300w, https:\/\/das-chadim.at\/firmenfest\/wp-content\/uploads\/sites\/5\/2024\/08\/Adrian-Almasan-1014-1030x773.jpg 1030w, https:\/\/das-chadim.at\/firmenfest\/wp-content\/uploads\/sites\/5\/2024\/08\/Adrian-Almasan-1014-768x576.jpg 768w, https:\/\/das-chadim.at\/firmenfest\/wp-content\/uploads\/sites\/5\/2024\/08\/Adrian-Almasan-1014-705x529.jpg 705w\" sizes=\"auto, (max-width: 1400px) 100vw, 1400px\" \/><\/div><\/a><a href=\"https:\/\/das-chadim.at\/firmenfest\/wp-content\/uploads\/sites\/5\/2024\/08\/Adrian-Almasan-1006-1030x687.jpg\" data-srcset=\"https:\/\/das-chadim.at\/firmenfest\/wp-content\/uploads\/sites\/5\/2024\/08\/Adrian-Almasan-1006-1030x687.jpg 1030w, https:\/\/das-chadim.at\/firmenfest\/wp-content\/uploads\/sites\/5\/2024\/08\/Adrian-Almasan-1006-300x200.jpg 300w, https:\/\/das-chadim.at\/firmenfest\/wp-content\/uploads\/sites\/5\/2024\/08\/Adrian-Almasan-1006-768x512.jpg 768w, https:\/\/das-chadim.at\/firmenfest\/wp-content\/uploads\/sites\/5\/2024\/08\/Adrian-Almasan-1006-600x400.jpg 600w, https:\/\/das-chadim.at\/firmenfest\/wp-content\/uploads\/sites\/5\/2024\/08\/Adrian-Almasan-1006-705x470.jpg 705w, https:\/\/das-chadim.at\/firmenfest\/wp-content\/uploads\/sites\/5\/2024\/08\/Adrian-Almasan-1006.jpg 1400w\" data-sizes=\"(max-width: 1030px) 100vw, 1030px\" data-rel='gallery-2' data-prev-img='https:\/\/das-chadim.at\/firmenfest\/wp-content\/uploads\/sites\/5\/2024\/08\/Adrian-Almasan-1006.jpg' class='lightbox ' data-onclick='3' title='\u00a9 Adrian Almasan | www.adrianalmasan.com'  ><img decoding=\"async\" loading=\"lazy\" class=\"wp-image-458 avia-img-lazy-loading-458\"   src=\"https:\/\/das-chadim.at\/firmenfest\/wp-content\/uploads\/sites\/5\/2024\/08\/Adrian-Almasan-1006-495x400.jpg\" width=\"495\" height=\"400\"  title='\u00a9 Adrian Almasan | www.adrianalmasan.com' alt='' srcset=\"https:\/\/das-chadim.at\/firmenfest\/wp-content\/uploads\/sites\/5\/2024\/08\/Adrian-Almasan-1006-495x400.jpg 495w, https:\/\/das-chadim.at\/firmenfest\/wp-content\/uploads\/sites\/5\/2024\/08\/Adrian-Almasan-1006-845x684.jpg 845w\" sizes=\"auto, (max-width: 495px) 100vw, 495px\" \/><div class='big-prev-fake'><img decoding=\"async\" loading=\"lazy\" class=\"wp-image-458 avia-img-lazy-loading-458\"  width=\"1400\" height=\"934\" src=\"https:\/\/das-chadim.at\/firmenfest\/wp-content\/uploads\/sites\/5\/2024\/08\/Adrian-Almasan-1006.jpg\" title='\u00a9 Adrian Almasan | www.adrianalmasan.com' alt='' srcset=\"https:\/\/das-chadim.at\/firmenfest\/wp-content\/uploads\/sites\/5\/2024\/08\/Adrian-Almasan-1006.jpg 1400w, https:\/\/das-chadim.at\/firmenfest\/wp-content\/uploads\/sites\/5\/2024\/08\/Adrian-Almasan-1006-300x200.jpg 300w, https:\/\/das-chadim.at\/firmenfest\/wp-content\/uploads\/sites\/5\/2024\/08\/Adrian-Almasan-1006-1030x687.jpg 1030w, https:\/\/das-chadim.at\/firmenfest\/wp-content\/uploads\/sites\/5\/2024\/08\/Adrian-Almasan-1006-768x512.jpg 768w, https:\/\/das-chadim.at\/firmenfest\/wp-content\/uploads\/sites\/5\/2024\/08\/Adrian-Almasan-1006-600x400.jpg 600w, https:\/\/das-chadim.at\/firmenfest\/wp-content\/uploads\/sites\/5\/2024\/08\/Adrian-Almasan-1006-705x470.jpg 705w\" sizes=\"auto, (max-width: 1400px) 100vw, 1400px\" \/><\/div><\/a><a href=\"https:\/\/das-chadim.at\/firmenfest\/wp-content\/uploads\/sites\/5\/2024\/08\/20220908_9200-1030x687.jpg\" data-srcset=\"https:\/\/das-chadim.at\/firmenfest\/wp-content\/uploads\/sites\/5\/2024\/08\/20220908_9200-1030x687.jpg 1030w, https:\/\/das-chadim.at\/firmenfest\/wp-content\/uploads\/sites\/5\/2024\/08\/20220908_9200-300x200.jpg 300w, https:\/\/das-chadim.at\/firmenfest\/wp-content\/uploads\/sites\/5\/2024\/08\/20220908_9200-768x512.jpg 768w, https:\/\/das-chadim.at\/firmenfest\/wp-content\/uploads\/sites\/5\/2024\/08\/20220908_9200-1536x1024.jpg 1536w, https:\/\/das-chadim.at\/firmenfest\/wp-content\/uploads\/sites\/5\/2024\/08\/20220908_9200-600x400.jpg 600w, https:\/\/das-chadim.at\/firmenfest\/wp-content\/uploads\/sites\/5\/2024\/08\/20220908_9200-1500x1000.jpg 1500w, https:\/\/das-chadim.at\/firmenfest\/wp-content\/uploads\/sites\/5\/2024\/08\/20220908_9200-705x470.jpg 705w, https:\/\/das-chadim.at\/firmenfest\/wp-content\/uploads\/sites\/5\/2024\/08\/20220908_9200.jpg 1920w\" data-sizes=\"(max-width: 1030px) 100vw, 1030px\" data-rel='gallery-2' data-prev-img='https:\/\/das-chadim.at\/firmenfest\/wp-content\/uploads\/sites\/5\/2024\/08\/20220908_9200.jpg' class='lightbox ' data-onclick='4' title='20220908_9200'  ><img decoding=\"async\" loading=\"lazy\" class=\"wp-image-473 avia-img-lazy-loading-473\"   src=\"https:\/\/das-chadim.at\/firmenfest\/wp-content\/uploads\/sites\/5\/2024\/08\/20220908_9200-495x400.jpg\" width=\"495\" height=\"400\"  title='20220908_9200' alt='' srcset=\"https:\/\/das-chadim.at\/firmenfest\/wp-content\/uploads\/sites\/5\/2024\/08\/20220908_9200-495x400.jpg 495w, https:\/\/das-chadim.at\/firmenfest\/wp-content\/uploads\/sites\/5\/2024\/08\/20220908_9200-845x684.jpg 845w\" sizes=\"auto, (max-width: 495px) 100vw, 495px\" \/><div class='big-prev-fake'><img decoding=\"async\" loading=\"lazy\" class=\"wp-image-473 avia-img-lazy-loading-473\"  width=\"1920\" height=\"1280\" src=\"https:\/\/das-chadim.at\/firmenfest\/wp-content\/uploads\/sites\/5\/2024\/08\/20220908_9200.jpg\" title='20220908_9200' alt='' srcset=\"https:\/\/das-chadim.at\/firmenfest\/wp-content\/uploads\/sites\/5\/2024\/08\/20220908_9200.jpg 1920w, https:\/\/das-chadim.at\/firmenfest\/wp-content\/uploads\/sites\/5\/2024\/08\/20220908_9200-300x200.jpg 300w, https:\/\/das-chadim.at\/firmenfest\/wp-content\/uploads\/sites\/5\/2024\/08\/20220908_9200-1030x687.jpg 1030w, https:\/\/das-chadim.at\/firmenfest\/wp-content\/uploads\/sites\/5\/2024\/08\/20220908_9200-768x512.jpg 768w, https:\/\/das-chadim.at\/firmenfest\/wp-content\/uploads\/sites\/5\/2024\/08\/20220908_9200-1536x1024.jpg 1536w, https:\/\/das-chadim.at\/firmenfest\/wp-content\/uploads\/sites\/5\/2024\/08\/20220908_9200-600x400.jpg 600w, https:\/\/das-chadim.at\/firmenfest\/wp-content\/uploads\/sites\/5\/2024\/08\/20220908_9200-1500x1000.jpg 1500w, https:\/\/das-chadim.at\/firmenfest\/wp-content\/uploads\/sites\/5\/2024\/08\/20220908_9200-705x470.jpg 705w\" sizes=\"auto, (max-width: 1920px) 100vw, 1920px\" \/><\/div><\/a><a href=\"https:\/\/das-chadim.at\/firmenfest\/wp-content\/uploads\/sites\/5\/2024\/08\/20220908_9198-1030x687.jpg\" data-srcset=\"https:\/\/das-chadim.at\/firmenfest\/wp-content\/uploads\/sites\/5\/2024\/08\/20220908_9198-1030x687.jpg 1030w, https:\/\/das-chadim.at\/firmenfest\/wp-content\/uploads\/sites\/5\/2024\/08\/20220908_9198-300x200.jpg 300w, https:\/\/das-chadim.at\/firmenfest\/wp-content\/uploads\/sites\/5\/2024\/08\/20220908_9198-768x512.jpg 768w, https:\/\/das-chadim.at\/firmenfest\/wp-content\/uploads\/sites\/5\/2024\/08\/20220908_9198-1536x1024.jpg 1536w, https:\/\/das-chadim.at\/firmenfest\/wp-content\/uploads\/sites\/5\/2024\/08\/20220908_9198-600x400.jpg 600w, https:\/\/das-chadim.at\/firmenfest\/wp-content\/uploads\/sites\/5\/2024\/08\/20220908_9198-1500x1000.jpg 1500w, https:\/\/das-chadim.at\/firmenfest\/wp-content\/uploads\/sites\/5\/2024\/08\/20220908_9198-705x470.jpg 705w, https:\/\/das-chadim.at\/firmenfest\/wp-content\/uploads\/sites\/5\/2024\/08\/20220908_9198.jpg 1920w\" data-sizes=\"(max-width: 1030px) 100vw, 1030px\" data-rel='gallery-2' data-prev-img='https:\/\/das-chadim.at\/firmenfest\/wp-content\/uploads\/sites\/5\/2024\/08\/20220908_9198.jpg' class='lightbox ' data-onclick='5' title='20220908_9198'  ><img decoding=\"async\" loading=\"lazy\" class=\"wp-image-474 avia-img-lazy-loading-474\"   src=\"https:\/\/das-chadim.at\/firmenfest\/wp-content\/uploads\/sites\/5\/2024\/08\/20220908_9198-495x400.jpg\" width=\"495\" height=\"400\"  title='20220908_9198' alt='' srcset=\"https:\/\/das-chadim.at\/firmenfest\/wp-content\/uploads\/sites\/5\/2024\/08\/20220908_9198-495x400.jpg 495w, https:\/\/das-chadim.at\/firmenfest\/wp-content\/uploads\/sites\/5\/2024\/08\/20220908_9198-845x684.jpg 845w\" sizes=\"auto, (max-width: 495px) 100vw, 495px\" \/><div class='big-prev-fake'><img decoding=\"async\" loading=\"lazy\" class=\"wp-image-474 avia-img-lazy-loading-474\"  width=\"1920\" height=\"1280\" src=\"https:\/\/das-chadim.at\/firmenfest\/wp-content\/uploads\/sites\/5\/2024\/08\/20220908_9198.jpg\" title='20220908_9198' alt='' srcset=\"https:\/\/das-chadim.at\/firmenfest\/wp-content\/uploads\/sites\/5\/2024\/08\/20220908_9198.jpg 1920w, https:\/\/das-chadim.at\/firmenfest\/wp-content\/uploads\/sites\/5\/2024\/08\/20220908_9198-300x200.jpg 300w, https:\/\/das-chadim.at\/firmenfest\/wp-content\/uploads\/sites\/5\/2024\/08\/20220908_9198-1030x687.jpg 1030w, https:\/\/das-chadim.at\/firmenfest\/wp-content\/uploads\/sites\/5\/2024\/08\/20220908_9198-768x512.jpg 768w, https:\/\/das-chadim.at\/firmenfest\/wp-content\/uploads\/sites\/5\/2024\/08\/20220908_9198-1536x1024.jpg 1536w, https:\/\/das-chadim.at\/firmenfest\/wp-content\/uploads\/sites\/5\/2024\/08\/20220908_9198-600x400.jpg 600w, https:\/\/das-chadim.at\/firmenfest\/wp-content\/uploads\/sites\/5\/2024\/08\/20220908_9198-1500x1000.jpg 1500w, https:\/\/das-chadim.at\/firmenfest\/wp-content\/uploads\/sites\/5\/2024\/08\/20220908_9198-705x470.jpg 705w\" sizes=\"auto, (max-width: 1920px) 100vw, 1920px\" \/><\/div><\/a><a href=\"https:\/\/das-chadim.at\/firmenfest\/wp-content\/uploads\/sites\/5\/2024\/08\/Adrian-Almasan-1055-1030x773.jpg\" data-srcset=\"https:\/\/das-chadim.at\/firmenfest\/wp-content\/uploads\/sites\/5\/2024\/08\/Adrian-Almasan-1055-1030x773.jpg 1030w, https:\/\/das-chadim.at\/firmenfest\/wp-content\/uploads\/sites\/5\/2024\/08\/Adrian-Almasan-1055-300x225.jpg 300w, https:\/\/das-chadim.at\/firmenfest\/wp-content\/uploads\/sites\/5\/2024\/08\/Adrian-Almasan-1055-768x576.jpg 768w, https:\/\/das-chadim.at\/firmenfest\/wp-content\/uploads\/sites\/5\/2024\/08\/Adrian-Almasan-1055-705x529.jpg 705w, https:\/\/das-chadim.at\/firmenfest\/wp-content\/uploads\/sites\/5\/2024\/08\/Adrian-Almasan-1055.jpg 1400w\" data-sizes=\"(max-width: 1030px) 100vw, 1030px\" data-rel='gallery-2' data-prev-img='https:\/\/das-chadim.at\/firmenfest\/wp-content\/uploads\/sites\/5\/2024\/08\/Adrian-Almasan-1055.jpg' class='first_thumb lightbox ' data-onclick='6' title='\u00a9 Adrian Almasan | www.adrianalmasan.com'  ><img decoding=\"async\" loading=\"lazy\" class=\"wp-image-456 avia-img-lazy-loading-456\"   src=\"https:\/\/das-chadim.at\/firmenfest\/wp-content\/uploads\/sites\/5\/2024\/08\/Adrian-Almasan-1055-495x400.jpg\" width=\"495\" height=\"400\"  title='\u00a9 Adrian Almasan | www.adrianalmasan.com' alt='' srcset=\"https:\/\/das-chadim.at\/firmenfest\/wp-content\/uploads\/sites\/5\/2024\/08\/Adrian-Almasan-1055-495x400.jpg 495w, https:\/\/das-chadim.at\/firmenfest\/wp-content\/uploads\/sites\/5\/2024\/08\/Adrian-Almasan-1055-845x684.jpg 845w\" sizes=\"auto, (max-width: 495px) 100vw, 495px\" \/><div class='big-prev-fake'><img decoding=\"async\" loading=\"lazy\" class=\"wp-image-456 avia-img-lazy-loading-456\"  width=\"1400\" height=\"1050\" src=\"https:\/\/das-chadim.at\/firmenfest\/wp-content\/uploads\/sites\/5\/2024\/08\/Adrian-Almasan-1055.jpg\" title='\u00a9 Adrian Almasan | www.adrianalmasan.com' alt='' srcset=\"https:\/\/das-chadim.at\/firmenfest\/wp-content\/uploads\/sites\/5\/2024\/08\/Adrian-Almasan-1055.jpg 1400w, https:\/\/das-chadim.at\/firmenfest\/wp-content\/uploads\/sites\/5\/2024\/08\/Adrian-Almasan-1055-300x225.jpg 300w, https:\/\/das-chadim.at\/firmenfest\/wp-content\/uploads\/sites\/5\/2024\/08\/Adrian-Almasan-1055-1030x773.jpg 1030w, https:\/\/das-chadim.at\/firmenfest\/wp-content\/uploads\/sites\/5\/2024\/08\/Adrian-Almasan-1055-768x576.jpg 768w, https:\/\/das-chadim.at\/firmenfest\/wp-content\/uploads\/sites\/5\/2024\/08\/Adrian-Almasan-1055-705x529.jpg 705w\" sizes=\"auto, (max-width: 1400px) 100vw, 1400px\" \/><\/div><\/a><a href=\"https:\/\/das-chadim.at\/firmenfest\/wp-content\/uploads\/sites\/5\/2024\/08\/K1600_herbst-6307-687x1030.jpg\" data-srcset=\"https:\/\/das-chadim.at\/firmenfest\/wp-content\/uploads\/sites\/5\/2024\/08\/K1600_herbst-6307-687x1030.jpg 687w, https:\/\/das-chadim.at\/firmenfest\/wp-content\/uploads\/sites\/5\/2024\/08\/K1600_herbst-6307-200x300.jpg 200w, https:\/\/das-chadim.at\/firmenfest\/wp-content\/uploads\/sites\/5\/2024\/08\/K1600_herbst-6307-768x1152.jpg 768w, https:\/\/das-chadim.at\/firmenfest\/wp-content\/uploads\/sites\/5\/2024\/08\/K1600_herbst-6307-1024x1536.jpg 1024w, https:\/\/das-chadim.at\/firmenfest\/wp-content\/uploads\/sites\/5\/2024\/08\/K1600_herbst-6307-1000x1500.jpg 1000w, https:\/\/das-chadim.at\/firmenfest\/wp-content\/uploads\/sites\/5\/2024\/08\/K1600_herbst-6307-470x705.jpg 470w, https:\/\/das-chadim.at\/firmenfest\/wp-content\/uploads\/sites\/5\/2024\/08\/K1600_herbst-6307.jpg 1200w\" data-sizes=\"(max-width: 687px) 100vw, 687px\" data-rel='gallery-2' data-prev-img='https:\/\/das-chadim.at\/firmenfest\/wp-content\/uploads\/sites\/5\/2024\/08\/K1600_herbst-6307.jpg' class='lightbox ' data-onclick='7' title='K1600_herbst-6307'  ><img decoding=\"async\" loading=\"lazy\" class=\"wp-image-471 avia-img-lazy-loading-471\"   src=\"https:\/\/das-chadim.at\/firmenfest\/wp-content\/uploads\/sites\/5\/2024\/08\/K1600_herbst-6307-495x400.jpg\" width=\"495\" height=\"400\"  title='K1600_herbst-6307' alt='' srcset=\"https:\/\/das-chadim.at\/firmenfest\/wp-content\/uploads\/sites\/5\/2024\/08\/K1600_herbst-6307-495x400.jpg 495w, https:\/\/das-chadim.at\/firmenfest\/wp-content\/uploads\/sites\/5\/2024\/08\/K1600_herbst-6307-845x684.jpg 845w\" sizes=\"auto, (max-width: 495px) 100vw, 495px\" \/><div class='big-prev-fake'><img decoding=\"async\" loading=\"lazy\" class=\"wp-image-471 avia-img-lazy-loading-471\"  width=\"1200\" height=\"1800\" src=\"https:\/\/das-chadim.at\/firmenfest\/wp-content\/uploads\/sites\/5\/2024\/08\/K1600_herbst-6307.jpg\" title='K1600_herbst-6307' alt='' srcset=\"https:\/\/das-chadim.at\/firmenfest\/wp-content\/uploads\/sites\/5\/2024\/08\/K1600_herbst-6307.jpg 1200w, https:\/\/das-chadim.at\/firmenfest\/wp-content\/uploads\/sites\/5\/2024\/08\/K1600_herbst-6307-200x300.jpg 200w, https:\/\/das-chadim.at\/firmenfest\/wp-content\/uploads\/sites\/5\/2024\/08\/K1600_herbst-6307-687x1030.jpg 687w, https:\/\/das-chadim.at\/firmenfest\/wp-content\/uploads\/sites\/5\/2024\/08\/K1600_herbst-6307-768x1152.jpg 768w, https:\/\/das-chadim.at\/firmenfest\/wp-content\/uploads\/sites\/5\/2024\/08\/K1600_herbst-6307-1024x1536.jpg 1024w, https:\/\/das-chadim.at\/firmenfest\/wp-content\/uploads\/sites\/5\/2024\/08\/K1600_herbst-6307-1000x1500.jpg 1000w, https:\/\/das-chadim.at\/firmenfest\/wp-content\/uploads\/sites\/5\/2024\/08\/K1600_herbst-6307-470x705.jpg 470w\" sizes=\"auto, (max-width: 1200px) 100vw, 1200px\" \/><\/div><\/a><a href=\"https:\/\/das-chadim.at\/firmenfest\/wp-content\/uploads\/sites\/5\/2024\/08\/Adrian-Almasan-1127-1030x687.jpg\" data-srcset=\"https:\/\/das-chadim.at\/firmenfest\/wp-content\/uploads\/sites\/5\/2024\/08\/Adrian-Almasan-1127-1030x687.jpg 1030w, https:\/\/das-chadim.at\/firmenfest\/wp-content\/uploads\/sites\/5\/2024\/08\/Adrian-Almasan-1127-300x200.jpg 300w, https:\/\/das-chadim.at\/firmenfest\/wp-content\/uploads\/sites\/5\/2024\/08\/Adrian-Almasan-1127-768x512.jpg 768w, https:\/\/das-chadim.at\/firmenfest\/wp-content\/uploads\/sites\/5\/2024\/08\/Adrian-Almasan-1127-600x400.jpg 600w, https:\/\/das-chadim.at\/firmenfest\/wp-content\/uploads\/sites\/5\/2024\/08\/Adrian-Almasan-1127-705x470.jpg 705w, https:\/\/das-chadim.at\/firmenfest\/wp-content\/uploads\/sites\/5\/2024\/08\/Adrian-Almasan-1127.jpg 1400w\" data-sizes=\"(max-width: 1030px) 100vw, 1030px\" data-rel='gallery-2' data-prev-img='https:\/\/das-chadim.at\/firmenfest\/wp-content\/uploads\/sites\/5\/2024\/08\/Adrian-Almasan-1127.jpg' class='lightbox ' data-onclick='8' title='\u00a9 Adrian Almasan | www.adrianalmasan.com'  ><img decoding=\"async\" loading=\"lazy\" class=\"wp-image-459 avia-img-lazy-loading-459\"   src=\"https:\/\/das-chadim.at\/firmenfest\/wp-content\/uploads\/sites\/5\/2024\/08\/Adrian-Almasan-1127-495x400.jpg\" width=\"495\" height=\"400\"  title='\u00a9 Adrian Almasan | www.adrianalmasan.com' alt='' srcset=\"https:\/\/das-chadim.at\/firmenfest\/wp-content\/uploads\/sites\/5\/2024\/08\/Adrian-Almasan-1127-495x400.jpg 495w, https:\/\/das-chadim.at\/firmenfest\/wp-content\/uploads\/sites\/5\/2024\/08\/Adrian-Almasan-1127-845x684.jpg 845w\" sizes=\"auto, (max-width: 495px) 100vw, 495px\" \/><div class='big-prev-fake'><img decoding=\"async\" loading=\"lazy\" class=\"wp-image-459 avia-img-lazy-loading-459\"  width=\"1400\" height=\"934\" src=\"https:\/\/das-chadim.at\/firmenfest\/wp-content\/uploads\/sites\/5\/2024\/08\/Adrian-Almasan-1127.jpg\" title='\u00a9 Adrian Almasan | www.adrianalmasan.com' alt='' srcset=\"https:\/\/das-chadim.at\/firmenfest\/wp-content\/uploads\/sites\/5\/2024\/08\/Adrian-Almasan-1127.jpg 1400w, https:\/\/das-chadim.at\/firmenfest\/wp-content\/uploads\/sites\/5\/2024\/08\/Adrian-Almasan-1127-300x200.jpg 300w, https:\/\/das-chadim.at\/firmenfest\/wp-content\/uploads\/sites\/5\/2024\/08\/Adrian-Almasan-1127-1030x687.jpg 1030w, https:\/\/das-chadim.at\/firmenfest\/wp-content\/uploads\/sites\/5\/2024\/08\/Adrian-Almasan-1127-768x512.jpg 768w, https:\/\/das-chadim.at\/firmenfest\/wp-content\/uploads\/sites\/5\/2024\/08\/Adrian-Almasan-1127-600x400.jpg 600w, https:\/\/das-chadim.at\/firmenfest\/wp-content\/uploads\/sites\/5\/2024\/08\/Adrian-Almasan-1127-705x470.jpg 705w\" sizes=\"auto, (max-width: 1400px) 100vw, 1400px\" \/><\/div><\/a><\/div><\/div><\/div><\/div><!--close column table wrapper. Autoclose: 1 -->\n\n<\/div><\/div><\/div><!-- close content main div --><\/div><\/div>\n<style type=\"text\/css\" data-created_by=\"avia_inline_auto\" id=\"style-css-av-29gf3-4507d68db81a26d0f1f70b3053b0a5a0\">\n.avia-section.av-29gf3-4507d68db81a26d0f1f70b3053b0a5a0{\nbackground-color:#f4f4f4;\nbackground-image:unset;\n}\n<\/style>\n<div id='av_section_7'  class='avia-section av-29gf3-4507d68db81a26d0f1f70b3053b0a5a0 main_color avia-section-large avia-no-border-styling  avia-builder-el-33  el_after_av_section  el_before_av_section  teasers avia-bg-style-scroll container_wrap fullsize'  ><div class='container av-section-cont-open' ><div class='template-page content  av-content-full alpha units'><div class='post-entry post-entry-type-page post-entry-15'><div class='entry-content-wrapper clearfix'>\n<div class='flex_column_table av-liyqiezw-1fa60ff9629f7482964f860d4c60a85c sc-av_one_half av-equal-height-column-flextable'>\n<style type=\"text\/css\" data-created_by=\"avia_inline_auto\" id=\"style-css-av-liyqiezw-1fa60ff9629f7482964f860d4c60a85c\">\n.flex_column.av-liyqiezw-1fa60ff9629f7482964f860d4c60a85c{\nwidth:47.5%;\nmargin-left:0;\n}\n#top .flex_column_table.av-equal-height-column-flextable.av-liyqiezw-1fa60ff9629f7482964f860d4c60a85c .av-flex-placeholder{\nwidth:5%;\n}\n<\/style>\n<div  class='flex_column av-liyqiezw-1fa60ff9629f7482964f860d4c60a85c av_one_half  avia-builder-el-34  el_before_av_one_half  avia-builder-el-first  first flex_column_table_cell av-equal-height-column av-align-middle  '     ><style type=\"text\/css\" data-created_by=\"avia_inline_auto\" id=\"style-css-av-liyqdfou-286a7d2cd893e249105d6ddd16bbe2ce\">\n#top .avia-gallery.av-liyqdfou-286a7d2cd893e249105d6ddd16bbe2ce .avia-gallery-thumb a{\nwidth:20%;\n}\n<\/style>\n<div  class='avia-gallery av-liyqdfou-286a7d2cd893e249105d6ddd16bbe2ce avia_animate_when_visible  avia-builder-el-35  avia-builder-el-no-sibling  av-hide-gallery-thumbs deactivate_avia_lazyload av-slideshow-ui av-loop-manual-endless av-control-hidden av-navigate-arrows hover-effect av-control-hidden avia-gallery-animate avia-gallery-3' ><meta itemprop=\"contentURL\" content=\"https:\/\/das-chadim.at\/firmenfest\/\"><div class='avia-gallery-big-wrapper'><a class='avia-gallery-big fakeLightbox lightbox avia-gallery-big-crop-thumb ' href=\"https:\/\/das-chadim.at\/firmenfest\/wp-content\/uploads\/sites\/5\/2023\/07\/service_aperitiv-1030x869.jpg\" data-srcset=\"https:\/\/das-chadim.at\/firmenfest\/wp-content\/uploads\/sites\/5\/2023\/07\/service_aperitiv-1030x869.jpg 1030w, https:\/\/das-chadim.at\/firmenfest\/wp-content\/uploads\/sites\/5\/2023\/07\/service_aperitiv-300x253.jpg 300w, https:\/\/das-chadim.at\/firmenfest\/wp-content\/uploads\/sites\/5\/2023\/07\/service_aperitiv-768x648.jpg 768w, https:\/\/das-chadim.at\/firmenfest\/wp-content\/uploads\/sites\/5\/2023\/07\/service_aperitiv-1536x1296.jpg 1536w, https:\/\/das-chadim.at\/firmenfest\/wp-content\/uploads\/sites\/5\/2023\/07\/service_aperitiv.jpg 1920w, https:\/\/das-chadim.at\/firmenfest\/wp-content\/uploads\/sites\/5\/2023\/07\/service_aperitiv-1500x1265.jpg 1500w, https:\/\/das-chadim.at\/firmenfest\/wp-content\/uploads\/sites\/5\/2023\/07\/service_aperitiv-705x595.jpg 705w\" data-sizes=\"(max-width: 1030px) 100vw, 1030px\"  data-onclick='1' title='service_aperitiv' ><span class='avia-gallery-big-inner' ><img decoding=\"async\" loading=\"lazy\" class=\"wp-image-401 avia-img-lazy-loading-401\"  width=\"1920\" height=\"1620\" src=\"https:\/\/das-chadim.at\/firmenfest\/wp-content\/uploads\/sites\/5\/2023\/07\/service_aperitiv.jpg\" title='service_aperitiv' alt='' srcset=\"https:\/\/das-chadim.at\/firmenfest\/wp-content\/uploads\/sites\/5\/2023\/07\/service_aperitiv.jpg 1920w, https:\/\/das-chadim.at\/firmenfest\/wp-content\/uploads\/sites\/5\/2023\/07\/service_aperitiv-300x253.jpg 300w, https:\/\/das-chadim.at\/firmenfest\/wp-content\/uploads\/sites\/5\/2023\/07\/service_aperitiv-1030x869.jpg 1030w, https:\/\/das-chadim.at\/firmenfest\/wp-content\/uploads\/sites\/5\/2023\/07\/service_aperitiv-768x648.jpg 768w, https:\/\/das-chadim.at\/firmenfest\/wp-content\/uploads\/sites\/5\/2023\/07\/service_aperitiv-1536x1296.jpg 1536w, https:\/\/das-chadim.at\/firmenfest\/wp-content\/uploads\/sites\/5\/2023\/07\/service_aperitiv-1500x1265.jpg 1500w, https:\/\/das-chadim.at\/firmenfest\/wp-content\/uploads\/sites\/5\/2023\/07\/service_aperitiv-705x595.jpg 705w\" sizes=\"auto, (max-width: 1920px) 100vw, 1920px\" \/><\/span><\/a><\/div><div class='avia-gallery-thumb'><a href=\"https:\/\/das-chadim.at\/firmenfest\/wp-content\/uploads\/sites\/5\/2023\/07\/service_aperitiv-1030x869.jpg\" data-srcset=\"https:\/\/das-chadim.at\/firmenfest\/wp-content\/uploads\/sites\/5\/2023\/07\/service_aperitiv-1030x869.jpg 1030w, https:\/\/das-chadim.at\/firmenfest\/wp-content\/uploads\/sites\/5\/2023\/07\/service_aperitiv-300x253.jpg 300w, https:\/\/das-chadim.at\/firmenfest\/wp-content\/uploads\/sites\/5\/2023\/07\/service_aperitiv-768x648.jpg 768w, https:\/\/das-chadim.at\/firmenfest\/wp-content\/uploads\/sites\/5\/2023\/07\/service_aperitiv-1536x1296.jpg 1536w, https:\/\/das-chadim.at\/firmenfest\/wp-content\/uploads\/sites\/5\/2023\/07\/service_aperitiv.jpg 1920w, https:\/\/das-chadim.at\/firmenfest\/wp-content\/uploads\/sites\/5\/2023\/07\/service_aperitiv-1500x1265.jpg 1500w, https:\/\/das-chadim.at\/firmenfest\/wp-content\/uploads\/sites\/5\/2023\/07\/service_aperitiv-705x595.jpg 705w\" data-sizes=\"(max-width: 1030px) 100vw, 1030px\" data-rel='gallery-3' data-prev-img='https:\/\/das-chadim.at\/firmenfest\/wp-content\/uploads\/sites\/5\/2023\/07\/service_aperitiv.jpg' class='first_thumb lightbox ' data-onclick='1' title='service_aperitiv'  ><img decoding=\"async\" loading=\"lazy\" class=\"wp-image-401 avia-img-lazy-loading-401\"   src=\"https:\/\/das-chadim.at\/firmenfest\/wp-content\/uploads\/sites\/5\/2023\/07\/service_aperitiv-495x400.jpg\" width=\"495\" height=\"400\"  title='service_aperitiv' alt='' srcset=\"https:\/\/das-chadim.at\/firmenfest\/wp-content\/uploads\/sites\/5\/2023\/07\/service_aperitiv-495x400.jpg 495w, https:\/\/das-chadim.at\/firmenfest\/wp-content\/uploads\/sites\/5\/2023\/07\/service_aperitiv-845x684.jpg 845w\" sizes=\"auto, (max-width: 495px) 100vw, 495px\" \/><div class='big-prev-fake'><img decoding=\"async\" loading=\"lazy\" class=\"wp-image-401 avia-img-lazy-loading-401\"  width=\"1920\" height=\"1620\" src=\"https:\/\/das-chadim.at\/firmenfest\/wp-content\/uploads\/sites\/5\/2023\/07\/service_aperitiv.jpg\" title='service_aperitiv' alt='' srcset=\"https:\/\/das-chadim.at\/firmenfest\/wp-content\/uploads\/sites\/5\/2023\/07\/service_aperitiv.jpg 1920w, https:\/\/das-chadim.at\/firmenfest\/wp-content\/uploads\/sites\/5\/2023\/07\/service_aperitiv-300x253.jpg 300w, https:\/\/das-chadim.at\/firmenfest\/wp-content\/uploads\/sites\/5\/2023\/07\/service_aperitiv-1030x869.jpg 1030w, https:\/\/das-chadim.at\/firmenfest\/wp-content\/uploads\/sites\/5\/2023\/07\/service_aperitiv-768x648.jpg 768w, https:\/\/das-chadim.at\/firmenfest\/wp-content\/uploads\/sites\/5\/2023\/07\/service_aperitiv-1536x1296.jpg 1536w, https:\/\/das-chadim.at\/firmenfest\/wp-content\/uploads\/sites\/5\/2023\/07\/service_aperitiv-1500x1265.jpg 1500w, https:\/\/das-chadim.at\/firmenfest\/wp-content\/uploads\/sites\/5\/2023\/07\/service_aperitiv-705x595.jpg 705w\" sizes=\"auto, (max-width: 1920px) 100vw, 1920px\" \/><\/div><\/a><a href=\"https:\/\/das-chadim.at\/firmenfest\/wp-content\/uploads\/sites\/5\/2024\/08\/Adrian-Almasan-0272_kleiner-687x1030.jpg\" data-srcset=\"https:\/\/das-chadim.at\/firmenfest\/wp-content\/uploads\/sites\/5\/2024\/08\/Adrian-Almasan-0272_kleiner-687x1030.jpg 687w, https:\/\/das-chadim.at\/firmenfest\/wp-content\/uploads\/sites\/5\/2024\/08\/Adrian-Almasan-0272_kleiner-200x300.jpg 200w, https:\/\/das-chadim.at\/firmenfest\/wp-content\/uploads\/sites\/5\/2024\/08\/Adrian-Almasan-0272_kleiner-768x1152.jpg 768w, https:\/\/das-chadim.at\/firmenfest\/wp-content\/uploads\/sites\/5\/2024\/08\/Adrian-Almasan-0272_kleiner-1024x1536.jpg 1024w, https:\/\/das-chadim.at\/firmenfest\/wp-content\/uploads\/sites\/5\/2024\/08\/Adrian-Almasan-0272_kleiner-1000x1500.jpg 1000w, https:\/\/das-chadim.at\/firmenfest\/wp-content\/uploads\/sites\/5\/2024\/08\/Adrian-Almasan-0272_kleiner-470x705.jpg 470w, https:\/\/das-chadim.at\/firmenfest\/wp-content\/uploads\/sites\/5\/2024\/08\/Adrian-Almasan-0272_kleiner.jpg 1280w\" data-sizes=\"(max-width: 687px) 100vw, 687px\" data-rel='gallery-3' data-prev-img='https:\/\/das-chadim.at\/firmenfest\/wp-content\/uploads\/sites\/5\/2024\/08\/Adrian-Almasan-0272_kleiner.jpg' class='lightbox ' data-onclick='2' title='\u00a9 Adrian Almasan | www.adrianalmasan.com'  ><img decoding=\"async\" loading=\"lazy\" class=\"wp-image-461 avia-img-lazy-loading-461\"   src=\"https:\/\/das-chadim.at\/firmenfest\/wp-content\/uploads\/sites\/5\/2024\/08\/Adrian-Almasan-0272_kleiner-495x400.jpg\" width=\"495\" height=\"400\"  title='\u00a9 Adrian Almasan | www.adrianalmasan.com' alt='' srcset=\"https:\/\/das-chadim.at\/firmenfest\/wp-content\/uploads\/sites\/5\/2024\/08\/Adrian-Almasan-0272_kleiner-495x400.jpg 495w, https:\/\/das-chadim.at\/firmenfest\/wp-content\/uploads\/sites\/5\/2024\/08\/Adrian-Almasan-0272_kleiner-845x684.jpg 845w\" sizes=\"auto, (max-width: 495px) 100vw, 495px\" \/><div class='big-prev-fake'><img decoding=\"async\" loading=\"lazy\" class=\"wp-image-461 avia-img-lazy-loading-461\"  width=\"1280\" height=\"1920\" src=\"https:\/\/das-chadim.at\/firmenfest\/wp-content\/uploads\/sites\/5\/2024\/08\/Adrian-Almasan-0272_kleiner.jpg\" title='\u00a9 Adrian Almasan | www.adrianalmasan.com' alt='' srcset=\"https:\/\/das-chadim.at\/firmenfest\/wp-content\/uploads\/sites\/5\/2024\/08\/Adrian-Almasan-0272_kleiner.jpg 1280w, https:\/\/das-chadim.at\/firmenfest\/wp-content\/uploads\/sites\/5\/2024\/08\/Adrian-Almasan-0272_kleiner-200x300.jpg 200w, https:\/\/das-chadim.at\/firmenfest\/wp-content\/uploads\/sites\/5\/2024\/08\/Adrian-Almasan-0272_kleiner-687x1030.jpg 687w, https:\/\/das-chadim.at\/firmenfest\/wp-content\/uploads\/sites\/5\/2024\/08\/Adrian-Almasan-0272_kleiner-768x1152.jpg 768w, https:\/\/das-chadim.at\/firmenfest\/wp-content\/uploads\/sites\/5\/2024\/08\/Adrian-Almasan-0272_kleiner-1024x1536.jpg 1024w, https:\/\/das-chadim.at\/firmenfest\/wp-content\/uploads\/sites\/5\/2024\/08\/Adrian-Almasan-0272_kleiner-1000x1500.jpg 1000w, https:\/\/das-chadim.at\/firmenfest\/wp-content\/uploads\/sites\/5\/2024\/08\/Adrian-Almasan-0272_kleiner-470x705.jpg 470w\" sizes=\"auto, (max-width: 1280px) 100vw, 1280px\" \/><\/div><\/a><a href=\"https:\/\/das-chadim.at\/firmenfest\/wp-content\/uploads\/sites\/5\/2023\/07\/service_wein-1030x869.jpg\" data-srcset=\"https:\/\/das-chadim.at\/firmenfest\/wp-content\/uploads\/sites\/5\/2023\/07\/service_wein-1030x869.jpg 1030w, https:\/\/das-chadim.at\/firmenfest\/wp-content\/uploads\/sites\/5\/2023\/07\/service_wein-300x253.jpg 300w, https:\/\/das-chadim.at\/firmenfest\/wp-content\/uploads\/sites\/5\/2023\/07\/service_wein-768x648.jpg 768w, https:\/\/das-chadim.at\/firmenfest\/wp-content\/uploads\/sites\/5\/2023\/07\/service_wein-1536x1296.jpg 1536w, https:\/\/das-chadim.at\/firmenfest\/wp-content\/uploads\/sites\/5\/2023\/07\/service_wein.jpg 1920w, https:\/\/das-chadim.at\/firmenfest\/wp-content\/uploads\/sites\/5\/2023\/07\/service_wein-1500x1265.jpg 1500w, https:\/\/das-chadim.at\/firmenfest\/wp-content\/uploads\/sites\/5\/2023\/07\/service_wein-705x595.jpg 705w\" data-sizes=\"(max-width: 1030px) 100vw, 1030px\" data-rel='gallery-3' data-prev-img='https:\/\/das-chadim.at\/firmenfest\/wp-content\/uploads\/sites\/5\/2023\/07\/service_wein.jpg' class='lightbox ' data-onclick='3' title='service_wein'  ><img decoding=\"async\" loading=\"lazy\" class=\"wp-image-398 avia-img-lazy-loading-398\"   src=\"https:\/\/das-chadim.at\/firmenfest\/wp-content\/uploads\/sites\/5\/2023\/07\/service_wein-495x400.jpg\" width=\"495\" height=\"400\"  title='service_wein' alt='' srcset=\"https:\/\/das-chadim.at\/firmenfest\/wp-content\/uploads\/sites\/5\/2023\/07\/service_wein-495x400.jpg 495w, https:\/\/das-chadim.at\/firmenfest\/wp-content\/uploads\/sites\/5\/2023\/07\/service_wein-845x684.jpg 845w\" sizes=\"auto, (max-width: 495px) 100vw, 495px\" \/><div class='big-prev-fake'><img decoding=\"async\" loading=\"lazy\" class=\"wp-image-398 avia-img-lazy-loading-398\"  width=\"1920\" height=\"1620\" src=\"https:\/\/das-chadim.at\/firmenfest\/wp-content\/uploads\/sites\/5\/2023\/07\/service_wein.jpg\" title='service_wein' alt='' srcset=\"https:\/\/das-chadim.at\/firmenfest\/wp-content\/uploads\/sites\/5\/2023\/07\/service_wein.jpg 1920w, https:\/\/das-chadim.at\/firmenfest\/wp-content\/uploads\/sites\/5\/2023\/07\/service_wein-300x253.jpg 300w, https:\/\/das-chadim.at\/firmenfest\/wp-content\/uploads\/sites\/5\/2023\/07\/service_wein-1030x869.jpg 1030w, https:\/\/das-chadim.at\/firmenfest\/wp-content\/uploads\/sites\/5\/2023\/07\/service_wein-768x648.jpg 768w, https:\/\/das-chadim.at\/firmenfest\/wp-content\/uploads\/sites\/5\/2023\/07\/service_wein-1536x1296.jpg 1536w, https:\/\/das-chadim.at\/firmenfest\/wp-content\/uploads\/sites\/5\/2023\/07\/service_wein-1500x1265.jpg 1500w, https:\/\/das-chadim.at\/firmenfest\/wp-content\/uploads\/sites\/5\/2023\/07\/service_wein-705x595.jpg 705w\" sizes=\"auto, (max-width: 1920px) 100vw, 1920px\" \/><\/div><\/a><a href=\"https:\/\/das-chadim.at\/firmenfest\/wp-content\/uploads\/sites\/5\/2024\/08\/Adrian-Almasan-0034_kleiner-1030x687.jpg\" data-srcset=\"https:\/\/das-chadim.at\/firmenfest\/wp-content\/uploads\/sites\/5\/2024\/08\/Adrian-Almasan-0034_kleiner-1030x687.jpg 1030w, https:\/\/das-chadim.at\/firmenfest\/wp-content\/uploads\/sites\/5\/2024\/08\/Adrian-Almasan-0034_kleiner-300x200.jpg 300w, https:\/\/das-chadim.at\/firmenfest\/wp-content\/uploads\/sites\/5\/2024\/08\/Adrian-Almasan-0034_kleiner-768x512.jpg 768w, https:\/\/das-chadim.at\/firmenfest\/wp-content\/uploads\/sites\/5\/2024\/08\/Adrian-Almasan-0034_kleiner-1536x1024.jpg 1536w, https:\/\/das-chadim.at\/firmenfest\/wp-content\/uploads\/sites\/5\/2024\/08\/Adrian-Almasan-0034_kleiner-600x400.jpg 600w, https:\/\/das-chadim.at\/firmenfest\/wp-content\/uploads\/sites\/5\/2024\/08\/Adrian-Almasan-0034_kleiner-1500x1000.jpg 1500w, https:\/\/das-chadim.at\/firmenfest\/wp-content\/uploads\/sites\/5\/2024\/08\/Adrian-Almasan-0034_kleiner-705x470.jpg 705w, https:\/\/das-chadim.at\/firmenfest\/wp-content\/uploads\/sites\/5\/2024\/08\/Adrian-Almasan-0034_kleiner.jpg 1860w\" data-sizes=\"(max-width: 1030px) 100vw, 1030px\" data-rel='gallery-3' data-prev-img='https:\/\/das-chadim.at\/firmenfest\/wp-content\/uploads\/sites\/5\/2024\/08\/Adrian-Almasan-0034_kleiner.jpg' class='lightbox ' data-onclick='4' title='\u00a9 Adrian Almasan | www.adrianalmasan.com'  ><img decoding=\"async\" loading=\"lazy\" class=\"wp-image-454 avia-img-lazy-loading-454\"   src=\"https:\/\/das-chadim.at\/firmenfest\/wp-content\/uploads\/sites\/5\/2024\/08\/Adrian-Almasan-0034_kleiner-495x400.jpg\" width=\"495\" height=\"400\"  title='\u00a9 Adrian Almasan | www.adrianalmasan.com' alt='' srcset=\"https:\/\/das-chadim.at\/firmenfest\/wp-content\/uploads\/sites\/5\/2024\/08\/Adrian-Almasan-0034_kleiner-495x400.jpg 495w, https:\/\/das-chadim.at\/firmenfest\/wp-content\/uploads\/sites\/5\/2024\/08\/Adrian-Almasan-0034_kleiner-845x684.jpg 845w\" sizes=\"auto, (max-width: 495px) 100vw, 495px\" \/><div class='big-prev-fake'><img decoding=\"async\" loading=\"lazy\" class=\"wp-image-454 avia-img-lazy-loading-454\"  width=\"1860\" height=\"1240\" src=\"https:\/\/das-chadim.at\/firmenfest\/wp-content\/uploads\/sites\/5\/2024\/08\/Adrian-Almasan-0034_kleiner.jpg\" title='\u00a9 Adrian Almasan | www.adrianalmasan.com' alt='' srcset=\"https:\/\/das-chadim.at\/firmenfest\/wp-content\/uploads\/sites\/5\/2024\/08\/Adrian-Almasan-0034_kleiner.jpg 1860w, https:\/\/das-chadim.at\/firmenfest\/wp-content\/uploads\/sites\/5\/2024\/08\/Adrian-Almasan-0034_kleiner-300x200.jpg 300w, https:\/\/das-chadim.at\/firmenfest\/wp-content\/uploads\/sites\/5\/2024\/08\/Adrian-Almasan-0034_kleiner-1030x687.jpg 1030w, https:\/\/das-chadim.at\/firmenfest\/wp-content\/uploads\/sites\/5\/2024\/08\/Adrian-Almasan-0034_kleiner-768x512.jpg 768w, https:\/\/das-chadim.at\/firmenfest\/wp-content\/uploads\/sites\/5\/2024\/08\/Adrian-Almasan-0034_kleiner-1536x1024.jpg 1536w, https:\/\/das-chadim.at\/firmenfest\/wp-content\/uploads\/sites\/5\/2024\/08\/Adrian-Almasan-0034_kleiner-600x400.jpg 600w, https:\/\/das-chadim.at\/firmenfest\/wp-content\/uploads\/sites\/5\/2024\/08\/Adrian-Almasan-0034_kleiner-1500x1000.jpg 1500w, https:\/\/das-chadim.at\/firmenfest\/wp-content\/uploads\/sites\/5\/2024\/08\/Adrian-Almasan-0034_kleiner-705x470.jpg 705w\" sizes=\"auto, (max-width: 1860px) 100vw, 1860px\" \/><\/div><\/a><a href=\"https:\/\/das-chadim.at\/firmenfest\/wp-content\/uploads\/sites\/5\/2023\/07\/service_bier-1030x869.jpg\" data-srcset=\"https:\/\/das-chadim.at\/firmenfest\/wp-content\/uploads\/sites\/5\/2023\/07\/service_bier-1030x869.jpg 1030w, https:\/\/das-chadim.at\/firmenfest\/wp-content\/uploads\/sites\/5\/2023\/07\/service_bier-300x253.jpg 300w, https:\/\/das-chadim.at\/firmenfest\/wp-content\/uploads\/sites\/5\/2023\/07\/service_bier-768x648.jpg 768w, https:\/\/das-chadim.at\/firmenfest\/wp-content\/uploads\/sites\/5\/2023\/07\/service_bier-1536x1296.jpg 1536w, https:\/\/das-chadim.at\/firmenfest\/wp-content\/uploads\/sites\/5\/2023\/07\/service_bier.jpg 1920w, https:\/\/das-chadim.at\/firmenfest\/wp-content\/uploads\/sites\/5\/2023\/07\/service_bier-1500x1265.jpg 1500w, https:\/\/das-chadim.at\/firmenfest\/wp-content\/uploads\/sites\/5\/2023\/07\/service_bier-705x595.jpg 705w\" data-sizes=\"(max-width: 1030px) 100vw, 1030px\" data-rel='gallery-3' data-prev-img='https:\/\/das-chadim.at\/firmenfest\/wp-content\/uploads\/sites\/5\/2023\/07\/service_bier.jpg' class='lightbox ' data-onclick='5' title='service_bier'  ><img decoding=\"async\" loading=\"lazy\" class=\"wp-image-400 avia-img-lazy-loading-400\"   src=\"https:\/\/das-chadim.at\/firmenfest\/wp-content\/uploads\/sites\/5\/2023\/07\/service_bier-495x400.jpg\" width=\"495\" height=\"400\"  title='service_bier' alt='' srcset=\"https:\/\/das-chadim.at\/firmenfest\/wp-content\/uploads\/sites\/5\/2023\/07\/service_bier-495x400.jpg 495w, https:\/\/das-chadim.at\/firmenfest\/wp-content\/uploads\/sites\/5\/2023\/07\/service_bier-845x684.jpg 845w\" sizes=\"auto, (max-width: 495px) 100vw, 495px\" \/><div class='big-prev-fake'><img decoding=\"async\" loading=\"lazy\" class=\"wp-image-400 avia-img-lazy-loading-400\"  width=\"1920\" height=\"1620\" src=\"https:\/\/das-chadim.at\/firmenfest\/wp-content\/uploads\/sites\/5\/2023\/07\/service_bier.jpg\" title='service_bier' alt='' srcset=\"https:\/\/das-chadim.at\/firmenfest\/wp-content\/uploads\/sites\/5\/2023\/07\/service_bier.jpg 1920w, https:\/\/das-chadim.at\/firmenfest\/wp-content\/uploads\/sites\/5\/2023\/07\/service_bier-300x253.jpg 300w, https:\/\/das-chadim.at\/firmenfest\/wp-content\/uploads\/sites\/5\/2023\/07\/service_bier-1030x869.jpg 1030w, https:\/\/das-chadim.at\/firmenfest\/wp-content\/uploads\/sites\/5\/2023\/07\/service_bier-768x648.jpg 768w, https:\/\/das-chadim.at\/firmenfest\/wp-content\/uploads\/sites\/5\/2023\/07\/service_bier-1536x1296.jpg 1536w, https:\/\/das-chadim.at\/firmenfest\/wp-content\/uploads\/sites\/5\/2023\/07\/service_bier-1500x1265.jpg 1500w, https:\/\/das-chadim.at\/firmenfest\/wp-content\/uploads\/sites\/5\/2023\/07\/service_bier-705x595.jpg 705w\" sizes=\"auto, (max-width: 1920px) 100vw, 1920px\" \/><\/div><\/a><a href=\"https:\/\/das-chadim.at\/firmenfest\/wp-content\/uploads\/sites\/5\/2024\/08\/Adrian-Almasan-0148-1030x687.jpg\" data-srcset=\"https:\/\/das-chadim.at\/firmenfest\/wp-content\/uploads\/sites\/5\/2024\/08\/Adrian-Almasan-0148-1030x687.jpg 1030w, https:\/\/das-chadim.at\/firmenfest\/wp-content\/uploads\/sites\/5\/2024\/08\/Adrian-Almasan-0148-300x200.jpg 300w, https:\/\/das-chadim.at\/firmenfest\/wp-content\/uploads\/sites\/5\/2024\/08\/Adrian-Almasan-0148-768x512.jpg 768w, https:\/\/das-chadim.at\/firmenfest\/wp-content\/uploads\/sites\/5\/2024\/08\/Adrian-Almasan-0148-600x400.jpg 600w, https:\/\/das-chadim.at\/firmenfest\/wp-content\/uploads\/sites\/5\/2024\/08\/Adrian-Almasan-0148-705x470.jpg 705w, https:\/\/das-chadim.at\/firmenfest\/wp-content\/uploads\/sites\/5\/2024\/08\/Adrian-Almasan-0148.jpg 1400w\" data-sizes=\"(max-width: 1030px) 100vw, 1030px\" data-rel='gallery-3' data-prev-img='https:\/\/das-chadim.at\/firmenfest\/wp-content\/uploads\/sites\/5\/2024\/08\/Adrian-Almasan-0148.jpg' class='first_thumb lightbox ' data-onclick='6' title='\u00a9 Adrian Almasan | www.adrianalmasan.com'  ><img decoding=\"async\" loading=\"lazy\" class=\"wp-image-453 avia-img-lazy-loading-453\"   src=\"https:\/\/das-chadim.at\/firmenfest\/wp-content\/uploads\/sites\/5\/2024\/08\/Adrian-Almasan-0148-495x400.jpg\" width=\"495\" height=\"400\"  title='\u00a9 Adrian Almasan | www.adrianalmasan.com' alt='' srcset=\"https:\/\/das-chadim.at\/firmenfest\/wp-content\/uploads\/sites\/5\/2024\/08\/Adrian-Almasan-0148-495x400.jpg 495w, https:\/\/das-chadim.at\/firmenfest\/wp-content\/uploads\/sites\/5\/2024\/08\/Adrian-Almasan-0148-845x684.jpg 845w\" sizes=\"auto, (max-width: 495px) 100vw, 495px\" \/><div class='big-prev-fake'><img decoding=\"async\" loading=\"lazy\" class=\"wp-image-453 avia-img-lazy-loading-453\"  width=\"1400\" height=\"934\" src=\"https:\/\/das-chadim.at\/firmenfest\/wp-content\/uploads\/sites\/5\/2024\/08\/Adrian-Almasan-0148.jpg\" title='\u00a9 Adrian Almasan | www.adrianalmasan.com' alt='' srcset=\"https:\/\/das-chadim.at\/firmenfest\/wp-content\/uploads\/sites\/5\/2024\/08\/Adrian-Almasan-0148.jpg 1400w, https:\/\/das-chadim.at\/firmenfest\/wp-content\/uploads\/sites\/5\/2024\/08\/Adrian-Almasan-0148-300x200.jpg 300w, https:\/\/das-chadim.at\/firmenfest\/wp-content\/uploads\/sites\/5\/2024\/08\/Adrian-Almasan-0148-1030x687.jpg 1030w, https:\/\/das-chadim.at\/firmenfest\/wp-content\/uploads\/sites\/5\/2024\/08\/Adrian-Almasan-0148-768x512.jpg 768w, https:\/\/das-chadim.at\/firmenfest\/wp-content\/uploads\/sites\/5\/2024\/08\/Adrian-Almasan-0148-600x400.jpg 600w, https:\/\/das-chadim.at\/firmenfest\/wp-content\/uploads\/sites\/5\/2024\/08\/Adrian-Almasan-0148-705x470.jpg 705w\" sizes=\"auto, (max-width: 1400px) 100vw, 1400px\" \/><\/div><\/a><a href=\"https:\/\/das-chadim.at\/firmenfest\/wp-content\/uploads\/sites\/5\/2024\/08\/Adrian-Almasan-0267_kleiner-687x1030.jpg\" data-srcset=\"https:\/\/das-chadim.at\/firmenfest\/wp-content\/uploads\/sites\/5\/2024\/08\/Adrian-Almasan-0267_kleiner-687x1030.jpg 687w, https:\/\/das-chadim.at\/firmenfest\/wp-content\/uploads\/sites\/5\/2024\/08\/Adrian-Almasan-0267_kleiner-200x300.jpg 200w, https:\/\/das-chadim.at\/firmenfest\/wp-content\/uploads\/sites\/5\/2024\/08\/Adrian-Almasan-0267_kleiner-768x1152.jpg 768w, https:\/\/das-chadim.at\/firmenfest\/wp-content\/uploads\/sites\/5\/2024\/08\/Adrian-Almasan-0267_kleiner-1024x1536.jpg 1024w, https:\/\/das-chadim.at\/firmenfest\/wp-content\/uploads\/sites\/5\/2024\/08\/Adrian-Almasan-0267_kleiner-1000x1500.jpg 1000w, https:\/\/das-chadim.at\/firmenfest\/wp-content\/uploads\/sites\/5\/2024\/08\/Adrian-Almasan-0267_kleiner-470x705.jpg 470w, https:\/\/das-chadim.at\/firmenfest\/wp-content\/uploads\/sites\/5\/2024\/08\/Adrian-Almasan-0267_kleiner.jpg 1280w\" data-sizes=\"(max-width: 687px) 100vw, 687px\" data-rel='gallery-3' data-prev-img='https:\/\/das-chadim.at\/firmenfest\/wp-content\/uploads\/sites\/5\/2024\/08\/Adrian-Almasan-0267_kleiner.jpg' class='lightbox ' data-onclick='7' title='\u00a9 Adrian Almasan | www.adrianalmasan.com'  ><img decoding=\"async\" loading=\"lazy\" class=\"wp-image-460 avia-img-lazy-loading-460\"   src=\"https:\/\/das-chadim.at\/firmenfest\/wp-content\/uploads\/sites\/5\/2024\/08\/Adrian-Almasan-0267_kleiner-495x400.jpg\" width=\"495\" height=\"400\"  title='\u00a9 Adrian Almasan | www.adrianalmasan.com' alt='' srcset=\"https:\/\/das-chadim.at\/firmenfest\/wp-content\/uploads\/sites\/5\/2024\/08\/Adrian-Almasan-0267_kleiner-495x400.jpg 495w, https:\/\/das-chadim.at\/firmenfest\/wp-content\/uploads\/sites\/5\/2024\/08\/Adrian-Almasan-0267_kleiner-845x684.jpg 845w\" sizes=\"auto, (max-width: 495px) 100vw, 495px\" \/><div class='big-prev-fake'><img decoding=\"async\" loading=\"lazy\" class=\"wp-image-460 avia-img-lazy-loading-460\"  width=\"1280\" height=\"1920\" src=\"https:\/\/das-chadim.at\/firmenfest\/wp-content\/uploads\/sites\/5\/2024\/08\/Adrian-Almasan-0267_kleiner.jpg\" title='\u00a9 Adrian Almasan | www.adrianalmasan.com' alt='' srcset=\"https:\/\/das-chadim.at\/firmenfest\/wp-content\/uploads\/sites\/5\/2024\/08\/Adrian-Almasan-0267_kleiner.jpg 1280w, https:\/\/das-chadim.at\/firmenfest\/wp-content\/uploads\/sites\/5\/2024\/08\/Adrian-Almasan-0267_kleiner-200x300.jpg 200w, https:\/\/das-chadim.at\/firmenfest\/wp-content\/uploads\/sites\/5\/2024\/08\/Adrian-Almasan-0267_kleiner-687x1030.jpg 687w, https:\/\/das-chadim.at\/firmenfest\/wp-content\/uploads\/sites\/5\/2024\/08\/Adrian-Almasan-0267_kleiner-768x1152.jpg 768w, https:\/\/das-chadim.at\/firmenfest\/wp-content\/uploads\/sites\/5\/2024\/08\/Adrian-Almasan-0267_kleiner-1024x1536.jpg 1024w, https:\/\/das-chadim.at\/firmenfest\/wp-content\/uploads\/sites\/5\/2024\/08\/Adrian-Almasan-0267_kleiner-1000x1500.jpg 1000w, https:\/\/das-chadim.at\/firmenfest\/wp-content\/uploads\/sites\/5\/2024\/08\/Adrian-Almasan-0267_kleiner-470x705.jpg 470w\" sizes=\"auto, (max-width: 1280px) 100vw, 1280px\" \/><\/div><\/a><\/div><\/div><\/div><div class='av-flex-placeholder'><\/div>\n<style type=\"text\/css\" data-created_by=\"avia_inline_auto\" id=\"style-css-av-1gjwr-355e82b5259644f8a0001740e22c07f7\">\n.flex_column.av-1gjwr-355e82b5259644f8a0001740e22c07f7{\nwidth:47.5%;\nmargin-left:0;\n}\n#top .flex_column_table.av-equal-height-column-flextable.av-1gjwr-355e82b5259644f8a0001740e22c07f7 .av-flex-placeholder{\nwidth:5%;\n}\n<\/style>\n<div  class='flex_column av-1gjwr-355e82b5259644f8a0001740e22c07f7 av_one_half  avia-builder-el-36  el_after_av_one_half  avia-builder-el-last  flex_column_table_cell av-equal-height-column av-align-middle  '     ><section  class='av_textblock_section av-liyqdynn-7c92d27cfe9e76254c20fa5ed97a0ae2 '  ><div class='avia_textblock' ><h2>Service mit Herz und Hirn<\/h2>\n<p>Wir machen dein Fest zum Highlight des Jahres! Mit uns erlebst du eine unvergessliche Feier, an die du und deine Kollegen noch lange zur\u00fcckdenken werdet.<\/p>\n<h4><strong>Sommerfest oder Weihnachtsfeier?<\/strong><\/h4>\n<p>Wir brauchen nur ein paar Angaben, und dann schneidern wir dein perfektes Fest zusammen. Vom Empfang mit Aperitiv und Fingerfood bis zur abschlie\u00dfenden Weinverkostung oder anderen Programmpunkten.<\/p>\n<\/div><\/section><\/div><\/div><!--close column table wrapper. Autoclose: 1 --><\/div><\/div><\/div><!-- close content main div --><\/div><\/div>\n<style type=\"text\/css\" data-created_by=\"avia_inline_auto\" id=\"style-css-av-lj0imi1e-0cea40e0b87f6c07dcc5d96e103d7695\">\n.avia-section.av-lj0imi1e-0cea40e0b87f6c07dcc5d96e103d7695{\nbackground-color:#f4f4f4;\nbackground-image:unset;\n}\n<\/style>\n<div id='av_section_8'  class='avia-section av-lj0imi1e-0cea40e0b87f6c07dcc5d96e103d7695 main_color avia-section-no-padding avia-no-border-styling  avia-builder-el-38  el_after_av_section  el_before_av_section  av-small-hide av-mini-hide avia-bg-style-scroll container_wrap fullsize'  ><div class='container av-section-cont-open' ><div class='template-page content  av-content-full alpha units'><div class='post-entry post-entry-type-page post-entry-15'><div class='entry-content-wrapper clearfix'>\n\n<style type=\"text\/css\" data-created_by=\"avia_inline_auto\" id=\"style-css-av-lj0in3xg-8e400b85554386794bc030082709c562\">\n#top .hr.hr-invisible.av-lj0in3xg-8e400b85554386794bc030082709c562{\nheight:10px;\n}\n<\/style>\n<div  class='hr av-lj0in3xg-8e400b85554386794bc030082709c562 hr-invisible  avia-builder-el-39  avia-builder-el-no-sibling '><span class='hr-inner '><span class=\"hr-inner-style\"><\/span><\/span><\/div>\n<\/p>\n<\/div><\/div><\/div><!-- close content main div --><\/div><\/div><div id='av_section_9'  class='avia-section av-liyr4tc1-677688be072ff888c2e620c9c6ec7a09 main_color avia-section-no-padding avia-no-border-styling  avia-builder-el-40  el_after_av_section  el_before_av_section  video-fullwidth avia-bg-style-parallax container_wrap fullsize'  ><div class='container av-section-cont-open' ><div class='template-page content  av-content-full alpha units'><div class='post-entry post-entry-type-page post-entry-15'><div class='entry-content-wrapper clearfix'>\n\n<style type=\"text\/css\" data-created_by=\"avia_inline_auto\" id=\"style-css-av-lztpdtlb-f0130ac04d3230e51259dc8aa7b46ab6\">\n.avia-video.av-lztpdtlb-f0130ac04d3230e51259dc8aa7b46ab6{\nbackground-image:url(https:\/\/das-chadim.at\/firmenfest\/wp-content\/uploads\/sites\/5\/dynamic_avia\/avia_video_thumbnails\/youtube\/jgODbc0KTQs\/jgODbc0KTQs.jpg);\n}\n<\/style>\n<div  class='avia-video av-lztpdtlb-f0130ac04d3230e51259dc8aa7b46ab6 avia-video-16-9 av-preview-image avia-video-load-always av-lazyload-immediate av-lazyload-video-embed'  data-original_url='https:\/\/youtu.be\/X3efhI5N0no'><script type='text\/html' class='av-video-tmpl'> <div class=\"brlbs-cmpnt-container brlbs-cmpnt-content-blocker brlbs-cmpnt-with-individual-styles\" data-borlabs-cookie-content-blocker-id=\"youtube-content-blocker\" data-borlabs-cookie-content=\"PGRpdiBjbGFzcz0nYXZpYS1pZnJhbWUtd3JhcCc+PGlmcmFtZSB0aXRsZT0iRGFzIENoYWRpbSDigJMgSWhyZSBMb2NhdGlvbiBmw7xyIEJ1c2luZXNzLUV2ZW50cywgU2VtaW5hcmUgJmFtcDsgR2VudXNzIiB3aWR0aD0iMTUwMCIgaGVpZ2h0PSI4NDQiIHNyYz0iaHR0cHM6Ly93d3cueW91dHViZS1ub2Nvb2tpZS5jb20vZW1iZWQvWDNlZmhJNU4wbm8\/ZmVhdHVyZT1vZW1iZWQiIGZyYW1lYm9yZGVyPSIwIiBhbGxvdz0iYWNjZWxlcm9tZXRlcjsgYXV0b3BsYXk7IGNsaXBib2FyZC13cml0ZTsgZW5jcnlwdGVkLW1lZGlhOyBneXJvc2NvcGU7IHBpY3R1cmUtaW4tcGljdHVyZTsgd2ViLXNoYXJlIiByZWZlcnJlcnBvbGljeT0ic3RyaWN0LW9yaWdpbi13aGVuLWNyb3NzLW9yaWdpbiIgYWxsb3dmdWxsc2NyZWVuPjwvaWZyYW1lPjwvZGl2Pg==\"><div class=\"brlbs-cmpnt-cb-preset-c brlbs-cmpnt-cb-youtube\"> <div class=\"brlbs-cmpnt-cb-thumbnail\" style=\"background-image: url('https:\/\/das-chadim.at\/firmenfest\/wp-content\/uploads\/sites\/5\/dynamic_avia\/avia_video_thumbnails\/youtube\/jgODbc0KTQs\/jgODbc0KTQs.jpg')\"><\/div> <div class=\"brlbs-cmpnt-cb-main\"> <div class=\"brlbs-cmpnt-cb-play-button\"><\/div> <div class=\"brlbs-cmpnt-cb-content\"> <p class=\"brlbs-cmpnt-cb-description\">Sie sehen gerade einen Platzhalterinhalt von <strong>YouTube<\/strong>. Um auf den eigentlichen Inhalt zuzugreifen, klicken Sie auf die Schaltfl\u00e4che unten. Bitte beachten Sie, dass dabei Daten an Drittanbieter weitergegeben werden.<\/p> <a class=\"brlbs-cmpnt-cb-provider-toggle\" href=\"#\" data-borlabs-cookie-show-provider-information role=\"button\">Mehr Informationen<\/a> <\/div> <div class=\"brlbs-cmpnt-cb-buttons\"> <a class=\"brlbs-cmpnt-cb-btn\" href=\"#\" data-borlabs-cookie-unblock role=\"button\">Inhalt entsperren<\/a> <a class=\"brlbs-cmpnt-cb-btn\" href=\"#\" data-borlabs-cookie-accept-service role=\"button\" style=\"display: inherit\">Erforderlichen Service akzeptieren und Inhalte entsperren<\/a> <\/div> <\/div> <\/div><\/div><\/script><div class='av-click-to-play-overlay'><div class=\"avia_playpause_icon\"><\/div><\/div><\/div>\n\n<\/div><\/div><\/div><!-- close content main div --><\/div><\/div>\n<style type=\"text\/css\" data-created_by=\"avia_inline_auto\" id=\"style-css-av-liyrs4lb-f842302cb466fbdb850577841435dc78\">\n.avia-section.av-liyrs4lb-f842302cb466fbdb850577841435dc78{\nbackground-color:#2e2e2e;\nbackground-image:unset;\n}\n<\/style>\n<div id='av_section_10'  class='avia-section av-liyrs4lb-f842302cb466fbdb850577841435dc78 main_color avia-section-large avia-no-border-styling  avia-builder-el-42  el_after_av_section  el_before_av_section  contact-form avia-bg-style-scroll container_wrap fullsize'  ><div class='container av-section-cont-open' ><div class='template-page content  av-content-full alpha units'><div class='post-entry post-entry-type-page post-entry-15'><div class='entry-content-wrapper clearfix'>\n<div  class='flex_column av-liyrxhgu-85e31bd6946a39be1762e867dce1876f av_one_full  avia-builder-el-43  avia-builder-el-no-sibling  first flex_column_div  '     ><style type=\"text\/css\" data-created_by=\"avia_inline_auto\" id=\"style-css-av-liyressm-b3288c09bc4b586880b1feddb1cd90a3\">\n#top .av_textblock_section.av-liyressm-b3288c09bc4b586880b1feddb1cd90a3 .avia_textblock{\ncolor:#ffffff;\n}\n<\/style>\n<section  class='av_textblock_section av-liyressm-b3288c09bc4b586880b1feddb1cd90a3 '  ><div class='avia_textblock av_inherit_color' ><h2 style=\"text-align: center;\">Deine Anfrage<\/h2>\n<\/div><\/section><br \/>\n<\/p><\/div>\n\n<\/div><\/div><\/div><!-- close content main div --><\/div><\/div>\n<style type=\"text\/css\" data-created_by=\"avia_inline_auto\" id=\"style-css-av-liys7op1-50e4b0f452966f317afc4186ac688d2c\">\n.avia-section.av-liys7op1-50e4b0f452966f317afc4186ac688d2c{\nbackground-color:#2e2e2e;\nbackground-image:url(https:\/\/das-chadim.at\/firmenfest\/wp-content\/uploads\/sites\/5\/2023\/06\/20220909-9366.jpg);\nbackground-repeat:no-repeat;\nbackground-position:50% 50%;\nbackground-attachment:scroll;\n}\n<\/style>\n<div id='av_section_11'  class='avia-section av-liys7op1-50e4b0f452966f317afc4186ac688d2c main_color avia-section-default avia-no-border-styling  avia-builder-el-46  el_after_av_section  el_before_av_section  footer-contact-image avia-full-stretch avia-bg-style-scroll av-minimum-height av-minimum-height-100 av-height-100  container_wrap fullsize'  data-section-bg-repeat='stretch' data-av_minimum_height_pc='100' data-av_min_height_opt='100'><div class='container av-section-cont-open' ><div class='template-page content  av-content-full alpha units'><div class='post-entry post-entry-type-page post-entry-15'><div class='entry-content-wrapper clearfix'>\n<div  class='flex_column av-uwa3-f72d484c1aaddd34bb96b090cd6e3615 av_one_full  avia-builder-el-47  avia-builder-el-no-sibling  first flex_column_div  '     ><style type=\"text\/css\" data-created_by=\"avia_inline_auto\" id=\"style-css-av-liys8dy6-9d69bcc90d853146330a8ed833460b1d\">\n#top .av-special-heading.av-liys8dy6-9d69bcc90d853146330a8ed833460b1d{\npadding-bottom:10px;\ncolor:#ffffff;\n}\nbody .av-special-heading.av-liys8dy6-9d69bcc90d853146330a8ed833460b1d .av-special-heading-tag .heading-char{\nfont-size:25px;\n}\n.av-special-heading.av-liys8dy6-9d69bcc90d853146330a8ed833460b1d .special-heading-inner-border{\nborder-color:#ffffff;\n}\n.av-special-heading.av-liys8dy6-9d69bcc90d853146330a8ed833460b1d .av-subheading{\nfont-size:15px;\n}\n<\/style>\n<div  class='av-special-heading av-liys8dy6-9d69bcc90d853146330a8ed833460b1d av-special-heading-h2 custom-color-heading blockquote modern-quote modern-centered  avia-builder-el-48  avia-builder-el-no-sibling '><h2 class='av-special-heading-tag '  >Wo findet Ihr uns<\/h2><div class=\"special-heading-border\"><div class=\"special-heading-inner-border\"><\/div><\/div><\/div><\/div>\n\n<\/div><\/div><\/div><!-- close content main div --><\/div><\/div><div id='av_section_12'  class='avia-section av-liysjarp-44f038b39c274b4999e6a648c8978395 main_color avia-section-no-padding avia-no-border-styling  avia-builder-el-49  el_after_av_section  avia-builder-el-last  footer-contact avia-bg-style-scroll container_wrap fullsize'  ><div class='container av-section-cont-open' ><div class='template-page content  av-content-full alpha units'><div class='post-entry post-entry-type-page post-entry-15'><div class='entry-content-wrapper clearfix'>\n\n<style type=\"text\/css\" data-created_by=\"avia_inline_auto\" id=\"style-css-av-liysci8q-5e7caa2e73ef6d5eab790ac005b4c2ca\">\n.flex_column.av-liysci8q-5e7caa2e73ef6d5eab790ac005b4c2ca{\nbackground-color:#f4f4f4;\n}\n\n@media only screen and (min-width: 990px){ \n.flex_column.av-liysci8q-5e7caa2e73ef6d5eab790ac005b4c2ca{\npadding:60px 60px 60px 60px;\n}\n}\n<\/style>\n<div  class='flex_column av-liysci8q-5e7caa2e73ef6d5eab790ac005b4c2ca av_one_full  avia-builder-el-50  avia-builder-el-no-sibling  first flex_column_div  '     ><style type=\"text\/css\" data-created_by=\"avia_inline_auto\" id=\"style-css-av-liyse4rn-ab5e338c40db451f11c455d8f24d0e53\">\n#top .av_textblock_section.av-liyse4rn-ab5e338c40db451f11c455d8f24d0e53 .avia_textblock{\nfont-size:20px;\n}\n<\/style>\n<section  class='av_textblock_section av-liyse4rn-ab5e338c40db451f11c455d8f24d0e53 '  ><div class='avia_textblock' ><p style=\"text-align: center;\">Das Chadim am Wienerberg<br \/>\nFriedrich Adler Weg 5<br \/>\nA-1100 Wien<\/p>\n<p style=\"text-align: center;\"><a href=\"mailto:office@das-chadim.at\">office@das-chadim.at<\/a> | T: <a href=\"tel:+4316167898\">01\/616 78 98<\/a><\/p>\n<\/div><\/section><br \/>\n<div  class='avia-buttonrow-wrap av-liysf791-6f6878cb619d0fc5ef2df9291fead37d avia-buttonrow-center  avia-builder-el-52  el_after_av_textblock  el_before_av_textblock '>\n\n<style type=\"text\/css\" data-created_by=\"avia_inline_auto\" id=\"style-css-av-liyseq5s-5d6ba8231681e90fca9890f90d422851\">\n#top #wrap_all .avia-button.av-liyseq5s-5d6ba8231681e90fca9890f90d422851{\nmargin-bottom:25px;\nmargin-right:13px;\nmargin-left:13px;\n}\n<\/style>\n<a href='https:\/\/das-chadim.at\/wp-content\/uploads\/Anfahrtsplan_19.07.2021-1.png'  class='avia-button av-liyseq5s-5d6ba8231681e90fca9890f90d422851 avia-icon_select-no avia-size-medium avia-color-theme-color'  target=\"_blank\"  rel=\"noopener noreferrer\"  aria-label=\"Lageplan\"><span class='avia_iconbox_title' >Lageplan<\/span><\/a>\n\n<style type=\"text\/css\" data-created_by=\"avia_inline_auto\" id=\"style-css-av-liysexwe-5e1febe30edc4945fe9b15e1eb03f830\">\n#top #wrap_all .avia-button.av-liysexwe-5e1febe30edc4945fe9b15e1eb03f830{\nmargin-bottom:25px;\nmargin-right:13px;\nmargin-left:13px;\n}\n<\/style>\n<a href='https:\/\/goo.gl\/maps\/U3p3DXcVvP9xA5V99'  class='avia-button av-liysexwe-5e1febe30edc4945fe9b15e1eb03f830 avia-icon_select-no avia-size-medium avia-color-theme-color'  target=\"_blank\"  rel=\"noopener noreferrer\"  aria-label=\"Google Maps\"><span class='avia_iconbox_title' >Google Maps<\/span><\/a>\n<\/div><br \/>\n\n<style type=\"text\/css\" data-created_by=\"avia_inline_auto\" id=\"style-css-av-liysgc4p-4fd201f56573226679f6f3d0e696b2d8\">\n#top .av_textblock_section.av-liysgc4p-4fd201f56573226679f6f3d0e696b2d8 .avia_textblock{\nfont-size:20px;\n}\n<\/style>\n<section  class='av_textblock_section av-liysgc4p-4fd201f56573226679f6f3d0e696b2d8 '  ><div class='avia_textblock' ><p style=\"text-align: center;\"><strong>PARKEN<\/strong><br \/>\nEs gibt kostenlose Parkpl\u00e4tze<\/p>\n<p style=\"text-align: center;\"><strong>HOTEL<\/strong><br \/>\nEin Hotel ist nur drei Gehminuten entfernt<\/p>\n<p style=\"text-align: center;\"><strong>CITYLIFE<\/strong><br \/>\nDie Wiener Innenstadt ist in unter 20 Minuten erreichbar<\/p>\n<\/div><\/section><\/p><\/div>\n\n","protected":false},"excerpt":{"rendered":"","protected":false},"author":1,"featured_media":401,"parent":0,"menu_order":0,"comment_status":"closed","ping_status":"closed","template":"","meta":{"inline_featured_image":false,"_metasync_otto_title":"","_metasync_otto_description":"","_metasync_otto_keywords":"","_metasync_otto_og_title":"","_metasync_otto_og_description":"","_metasync_otto_twitter_title":"","_metasync_otto_twitter_description":"","rank_math_title":"","rank_math_description":"","_yoast_wpseo_title":"%%sitename%%","_yoast_wpseo_metadesc":"Willkommen am sch\u00f6nsten Platz Wiens um Firmenfeste zu feiern. Umgeben von Natur an einem kleinen See gelegen und nur 20 Minuten vom Stadtzentrum entfernt.","_aioseo_title":"","_aioseo_description":"","_metasync_seo_title":"","_metasync_seo_desc":"","_metasync_breadcrumb_title":"","_metasync_primary_category":0,"_metasync_primary_product_cat":0,"_metasync_otto_disabled":"","_metasync_hreflang":"","footnotes":""},"class_list":["post-15","page","type-page","status-publish","has-post-thumbnail","hentry"],"_links":{"self":[{"href":"https:\/\/das-chadim.at\/firmenfest\/wp-json\/wp\/v2\/pages\/15","targetHints":{"allow":["GET"]}}],"collection":[{"href":"https:\/\/das-chadim.at\/firmenfest\/wp-json\/wp\/v2\/pages"}],"about":[{"href":"https:\/\/das-chadim.at\/firmenfest\/wp-json\/wp\/v2\/types\/page"}],"author":[{"embeddable":true,"href":"https:\/\/das-chadim.at\/firmenfest\/wp-json\/wp\/v2\/users\/1"}],"replies":[{"embeddable":true,"href":"https:\/\/das-chadim.at\/firmenfest\/wp-json\/wp\/v2\/comments?post=15"}],"version-history":[{"count":228,"href":"https:\/\/das-chadim.at\/firmenfest\/wp-json\/wp\/v2\/pages\/15\/revisions"}],"predecessor-version":[{"id":527,"href":"https:\/\/das-chadim.at\/firmenfest\/wp-json\/wp\/v2\/pages\/15\/revisions\/527"}],"wp:featuredmedia":[{"embeddable":true,"href":"https:\/\/das-chadim.at\/firmenfest\/wp-json\/wp\/v2\/media\/401"}],"wp:attachment":[{"href":"https:\/\/das-chadim.at\/firmenfest\/wp-json\/wp\/v2\/media?parent=15"}],"curies":[{"name":"wp","href":"https:\/\/api.w.org\/{rel}","templated":true}]}}